{"id":2677,"date":"2019-02-08T17:09:40","date_gmt":"2019-02-08T17:09:40","guid":{"rendered":"https:\/\/maranatha-conversion.com\/?page_id=2677"},"modified":"2019-02-14T07:42:57","modified_gmt":"2019-02-14T07:42:57","slug":"kik-vagyunk","status":"publish","type":"page","link":"https:\/\/maranatha-conversion.com\/hu\/kik-vagyunk\/","title":{"rendered":"Kik vagyunk"},"content":{"rendered":"<p><div class=\"fusion-fullwidth fullwidth-box fusion-builder-row-1 fusion-flex-container nonhundred-percent-fullwidth non-hundred-percent-height-scrolling\" style=\"--awb-border-radius-top-left:0px;--awb-border-radius-top-right:0px;--awb-border-radius-bottom-right:0px;--awb-border-radius-bottom-left:0px;--awb-padding-right:60px;--awb-padding-left:60px;--awb-flex-wrap:wrap;\" ><div class=\"fusion-builder-row fusion-row fusion-flex-align-items-flex-start fusion-flex-content-wrap\" style=\"max-width:calc( 1260px + 0px );margin-left: calc(-0px \/ 2 );margin-right: calc(-0px \/ 2 );\"><div class=\"fusion-layout-column fusion_builder_column fusion-builder-column-0 fusion_builder_column_1_1 1_1 fusion-flex-column\" style=\"--awb-bg-size:cover;--awb-width-large:100%;--awb-margin-top-large:0px;--awb-spacing-right-large:0px;--awb-margin-bottom-large:20px;--awb-spacing-left-large:0px;--awb-width-medium:100%;--awb-spacing-right-medium:0px;--awb-spacing-left-medium:0px;--awb-width-small:100%;--awb-spacing-right-small:0px;--awb-spacing-left-small:0px;\"><div class=\"fusion-column-wrapper fusion-flex-justify-content-flex-start fusion-content-layout-column\"><div class=\"fusion-title title fusion-title-1 fusion-sep-none fusion-title-text fusion-title-size-two\"><h2 class=\"fusion-title-heading title-heading-left fusion-responsive-typography-calculated\" style=\"margin:0;--fontSize:24;--minFontSize:24;line-height:1.3;\">K\u00e9t alap\u00edt\u00f3\u00a0: Mgr Andr\u00e9 L\u00e9onard \u00e9s Sabrina \u010covi\u0107 Radoji\u010di\u0107<\/h2><\/div><\/div><\/div><div class=\"fusion-layout-column fusion_builder_column fusion-builder-column-1 fusion_builder_column_1_1 1_1 fusion-flex-column\" style=\"--awb-bg-size:cover;--awb-width-large:100%;--awb-margin-top-large:0px;--awb-spacing-right-large:0px;--awb-margin-bottom-large:20px;--awb-spacing-left-large:0px;--awb-width-medium:100%;--awb-spacing-right-medium:0px;--awb-spacing-left-medium:0px;--awb-width-small:100%;--awb-spacing-right-small:0px;--awb-spacing-left-small:0px;\"><div class=\"fusion-column-wrapper fusion-flex-justify-content-flex-start fusion-content-layout-column\"><div class=\"fusion-text fusion-text-1\"><p><strong><img decoding=\"async\" class=\"size-400 wp-image-534 alignright\" src=\"https:\/\/maranatha-conversion.com\/wp-content\/uploads\/2018\/08\/mgr-sabrina-1.jpg\" alt=\"\" width=\"400\" height=\"348\" \/><\/strong><\/p>\n<p><strong>Mgr Andr\u00e9 L\u00e9onard<\/strong>, 1940. m\u00e1jus 6.-\u00e1n sz\u00fcletett.\u00a0 Namur p\u00fcsp\u00f6ke volt 19 \u00e9ven kereszt\u00fcl, majd 6 \u00e9vig Malines-Br\u00fcsszel \u00e9rseke volt, a Nemzetk\u00f6zi Teol\u00f3gia Bizotts\u00e1g tagja ( A Hittani Kongreg\u00e1ci\u00f3 mellett m\u0171k\u00f6d\u0151 bizotts\u00e1g). 1991-es p\u00fcsp\u00f6kk\u00e9 szentel\u00e9se el\u0151tt t\u00f6bb, mint 20 \u00e9vig filoz\u00f3fi\u00e1t tan\u00edtott a leuveni egyetemen, \u00e9s 13 \u00e9vig volt a louvain-la-neuvi Szemin\u00e1rium el\u00f6lj\u00e1r\u00f3ja. Papk\u00e9nt, hivat\u00e1sa nagy r\u00e9sz\u00e9t a fiatalok vil\u00e1g\u00e1ban t\u00f6lt\u00f6tte.<\/p>\n<p>Nyugd\u00edjba vonul\u00e1sa ut\u00e1n a Francia Alpokba vonult vissza, ahol a Laus-i Miasszonyunk pl\u00e9b\u00e1ni\u00e1n l\u00e1t el k\u00e1pl\u00e1ni szolg\u00e1latot. Szabad idej\u00e9ben \u00edr, \u00e9s lelkigyakorlatokon pr\u00e9dik\u00e1l.<\/p>\n<p>P\u00fcsp\u00f6ki jelmondata \u00ab\u00a0Maranatha\u00a0\u00bb, ami azt jelenti \u00ab\u00a0J\u00f6jj, Uram\u00a0!\u00a0\u00bb. Tulajdonk\u00e9ppen az Egyh\u00e1z nem kevesebbre v\u00e1r, mint J\u00e9zus \u00ab\u00a0dics\u0151s\u00e9ges\u00a0\u00bb visszaj\u00f6vetel\u00e9re. Elj\u00f6vetele (\u00e9s csak az) fogja megsemmis\u00edteni az Antikrisztust (2Tesz 2,8). Visszaj\u00f6n, hogy mindent \u00ab\u00a0meg\u00faj\u00edtson\u00a0\u00bb (Mt 19,28\u00a0; Apcsel 3,21) beteljes\u00edtve Isten Orsz\u00e1g\u00e1t \u00ab\u00a0amint a Mennyben, \u00fagy a f\u00f6ld\u00f6n is\u00a0\u00bb (Mt6,10) miel\u0151tt \u00ab\u00a0\u00e1tadn\u00e1\u00a0\u00bb az uralmat az Aty\u00e1nak (1Kor 15,22-28).<\/p>\n<p>Ez\u00e9rt a mozgalmunk, \u00e9s szervezeteink \u00e1tveszik ezt a sz\u00f3t, amely \u00f6nmag\u00e1ban is egy ima \u00ab\u00a0Maranatha\u00a0\u00bb\u00a0!<\/p>\n<p>Mgr Andr\u00e9 L\u00e9onard Sabrina Covic asszonynal egy\u00fctt kezdem\u00e9nyez\u0151je a \u00ab\u00a0Maranatha Megt\u00e9r\u00e9s\u00a0\u00bb elnevez\u00e9s\u0171 vil\u00e1gm\u00e9ret\u0171 lelki mozgalomnak, amely minden lelkis\u00e9gi ir\u00e1nyzathoz tartoz\u00f3 j\u00f3 akarat\u00fa embert k\u00f6zbenj\u00e1r\u00e1sra, az emberi sz\u00edv megt\u00e9r\u00e9s\u00e9\u00e9rt, \u00e9s az emberis\u00e9g gy\u00f3gyul\u00e1s\u00e1\u00e9rt val\u00f3 im\u00e1ra h\u00edv.<\/p>\n<p><strong>Sabrina \u010covi\u0107 Radoji\u010di\u0107<\/strong> 1966-ban sz\u00fcletett\u00a0 a horv\u00e1torsz\u00e1gi Osijekben (Esz\u00e9k). P\u00e1rizsban nevelkedett, t\u00f6bb alkalommal j\u00e1rt az Egyes\u00fclt \u00c1llamokban. F\u00e9rje Vladan Radojicic, k\u00e9t gyermek\u00fck van Katarina \u00e9s Matthieu. K\u00f6zelr\u0151l ismeri a medjugorjei l\u00e1tnokokat, t\u00f6bb olyan k\u00f6nyv, vide\u00f3, CD szerz\u0151je \u00e9s \/ vagy kiad\u00f3ja, amelyeknek\u00a0 k\u00f6z\u00f6s t\u00e9m\u00e1ja \u00ab\u00a0Medjugorje\u00a0\u00bb. Saj\u00e1t \u00e9let\u00e9r\u0151l sz\u00f3l\u00f3 besz\u00e1mol\u00f3j\u00e1t a \u00ab\u00a0Seg\u00edteni akartam a Gondvisel\u00e9snek a vil\u00e1g megment\u00e9s\u00e9ben&#8230; ez\u00e9rt elkezdtem utaz\u00e1sokat szervezni\u00a0\u00bb c\u00edmmel a saj\u00e1t alap\u00edt\u00e1s\u00fa kiad\u00f3j\u00e1n\u00e1l, a Sakramento Kiad\u00f3n\u00e1l jelentette meg.<\/p>\n<p>2007-ben Sabrina, a m\u00e1r nyugd\u00edjba vonult Bruxelles-i \u00e9rsekkel, Mgr Andr\u00e9 L\u00e9onard-ral megalap\u00edtotta a \u00ab\u00a0Maranatha Megt\u00e9r\u00e9s\u00a0\u00bb elnevez\u00e9s\u0171 imamozgalmat. Ez egy nemzetk\u00f6zi, \u00f6kumenikus, vall\u00e1sok felett \u00e1ll\u00f3 mozgalom, amely a vil\u00e1g gy\u00f3gyul\u00e1s\u00e1\u00e9rt j\u00e1r k\u00f6zben. Egy\u00fctt sz\u00e1mos imatal\u00e1lkoz\u00f3t, nemzetk\u00f6zi zar\u00e1ndoklatot szerveztek m\u00e1r t\u00f6bb orsz\u00e1gban.<\/p>\n<\/div><\/div><\/div><\/div><\/div><div class=\"fusion-fullwidth fullwidth-box fusion-builder-row-2 fusion-flex-container nonhundred-percent-fullwidth non-hundred-percent-height-scrolling\" style=\"--awb-border-radius-top-left:0px;--awb-border-radius-top-right:0px;--awb-border-radius-bottom-right:0px;--awb-border-radius-bottom-left:0px;--awb-padding-right:60px;--awb-padding-left:60px;--awb-flex-wrap:wrap;\" ><div class=\"fusion-builder-row fusion-row fusion-flex-align-items-flex-start fusion-flex-content-wrap\" style=\"max-width:calc( 1260px + 0px );margin-left: calc(-0px \/ 2 );margin-right: calc(-0px \/ 2 );\"><div class=\"fusion-layout-column fusion_builder_column fusion-builder-column-2 fusion_builder_column_1_1 1_1 fusion-flex-column\" style=\"--awb-bg-size:cover;--awb-width-large:100%;--awb-margin-top-large:0px;--awb-spacing-right-large:0px;--awb-margin-bottom-large:20px;--awb-spacing-left-large:0px;--awb-width-medium:100%;--awb-spacing-right-medium:0px;--awb-spacing-left-medium:0px;--awb-width-small:100%;--awb-spacing-right-small:0px;--awb-spacing-left-small:0px;\"><div class=\"fusion-column-wrapper fusion-flex-justify-content-flex-start fusion-content-layout-column\"><div class=\"fusion-text fusion-text-2\"><p><img decoding=\"async\" class=\"size-400 wp-image-981 alignleft\" src=\"https:\/\/maranatha-conversion.com\/wp-content\/uploads\/2018\/12\/sabrina.jpg\" alt=\"\" width=\"400\" height=\"533\" \/>A \u00ab\u00a0Maranatha Megt\u00e9r\u00e9s\u00a0\u00bb tev\u00e9kenys\u00e9gi k\u00f6rei \u00faj dimenzi\u00f3kba l\u00e9pnek :<\/p>\n<p>1\/ Egy kiv\u00e9teles fogad\u00f3k\u00f6zpont, a \u00ab\u00a0Bet\u00e1nia\u00a0\u00bb h\u00e1z, amely Medjugorj\u00e9ben, Bosznia-Hercegovin\u00e1ban tal\u00e1lhat\u00f3. \u00ab\u00a0Bet\u00e1nia\u00a0\u00bb egy \u00ab\u00a0csal\u00e1di h\u00e1z\u00a0\u00bb permakult\u00far\u00e1s sz\u00e9p kerttel, n\u00e9h\u00e1ny szob\u00e1val, amelyek alkalmasak a vend\u00e9gek fogad\u00e1s\u00e1ra \u00e9s a nyugodt felt\u00f6lt\u0151d\u00e9st seg\u00edt\u0151 pihen\u00e9sre. Ez a kiv\u00e9teles hely k\u00fcl\u00f6nleges lehet\u0151s\u00e9g olyan szem\u00e9lyek sz\u00e1m\u00e1ra, akik szeretn\u00e9k jobban meg\u00e9rteni a mozgalom tev\u00e9kenys\u00e9geit vagy azokat a szervezeteket, amelyekkel a \u00ab\u00a0Maranatha Megt\u00e9r\u00e9s\u00a0\u00bb mozgalom m\u00e1r \u00e9vek \u00f3ta egy\u00fcttm\u0171k\u00f6dik. Ezeknek az embereknek c\u00e9lja, hogy a k\u00e9s\u0151bbiekben azt\u00e1n akt\u00edvan is elk\u00f6telez\u0151djenek e szervezetek egyike mellett, p\u00e9ld\u00e1ul saj\u00e1t orsz\u00e1gukban alap\u00edtsanak \u00e9s szervezzenek Maranathont.<\/p>\n<p>2\/ LA Sakramento B\u00e9kek\u00f6zpont h\u00e1rom sz\u00e9p, j\u00f3l felszerelt konferenciateremmel, \u00e9s k\u00f6nyvesbolttal rendelkezik. Ilyen keretek k\u00f6z\u00f6tt lehet\u0151s\u00e9g van t\u00e1j\u00e9koztat\u00f3k, sz\u00ednvonalas el\u0151ad\u00e1sok megszervez\u00e9s\u00e9re. Ily m\u00f3don 2018. szeptember\u00e9ben itt volt a helysz\u00edne \u00ab\u00a0A tan\u00fak \u00c9jszak\u00e1ja\u00a0\u00bb elnevez\u00e9s\u0171 rendezv\u00e9nysorozat medjugorjei el\u0151ad\u00e1s\u00e1nak. A rendezv\u00e9nysorozat a \u00ab\u00a0Seg\u00edts\u00e9g a Szenved\u0151 Egyh\u00e1znak\u00a0\u00bb alap\u00edtv\u00e1nnyal k\u00f6z\u00f6s szervez\u00e9sben zajlik Bosznia-Hercegovin\u00e1ban, Montenegr\u00f3ban \u00e9s Horv\u00e1torsz\u00e1gban.<\/p>\n<p>3\/ A \u00ab\u00a0Maranatonok\u00a0\u00bb<\/p>\n<p>A vil\u00e1gban tal\u00e1lhat\u00f3 M\u00e1ria-kegyhelyeken \u00e9s lelkis\u00e9gi k\u00f6zpontokban a \u00ab\u00a0Maranatonok\u00a0\u00bb k\u00e9t napos folyamatos im\u00e1t jelentenek havonta, mint az \u00ab\u00a0imamaratonok\u00a0\u00bb a h\u00f3nap 5. \u00e9s 6. napj\u00e1n.<\/p>\n<p>Hissz\u00fck, hogy az ima menti meg a vil\u00e1got. A Maranatonok intenz\u00edv imaid\u0151szakok k\u00fcl\u00f6nleges helyeken. Mint megannyi \u00ab\u00a0kis No\u00e9 b\u00e1rk\u00e1ja\u00a0\u00bb, mindenki belemenek\u00fclhet szem\u00e9lyes \u00e9let\u00e9nek neh\u00e9z id\u0151szakaiban. A Maranatonok lehet\u0151v\u00e9 teszik, hogy mindig \u00fajra \u00e9s \u00fajra felfedezz\u00fck kiv\u00e9teles lelki gazdags\u00e1gainkat.<\/p>\n<p>Minden h\u00f3nap 4.-\u00e9n, d\u00e9lut\u00e1n vagy este, egy m\u0171v\u00e9szeti tal\u00e1lkoz\u00f3, az azt k\u00f6vet\u0151 besz\u00e9lget\u00e9s \u00e9s agap\u00e9 lehet\u0151v\u00e9 teszi a j\u00f3 akarat\u00fa, k\u00fcl\u00f6nb\u00f6z\u0151 lelki \u00e9rz\u00e9kenys\u00e9g\u0171 emberek, h\u00edv\u0151k, nem h\u00edv\u0151k \u00f6sszej\u00f6vetel\u00e9t, olyanok\u00e9t is, akik szeretn\u00e9nek tal\u00e1lkozni \u00ab\u00a0a t\u00f6bbiekkel\u00a0\u00bb nem hivatalos, hanem ink\u00e1bb bar\u00e1ti k\u00f6zegben.<\/p>\n<\/div><\/div><\/div><\/div><\/div><div class=\"fusion-fullwidth fullwidth-box fusion-builder-row-3 fusion-flex-container nonhundred-percent-fullwidth non-hundred-percent-height-scrolling\" style=\"--awb-border-radius-top-left:0px;--awb-border-radius-top-right:0px;--awb-border-radius-bottom-right:0px;--awb-border-radius-bottom-left:0px;--awb-padding-right:60px;--awb-padding-bottom:40px;--awb-padding-left:60px;--awb-background-color:#e2e2e2;--awb-flex-wrap:wrap;\" ><div class=\"fusion-builder-row fusion-row fusion-flex-align-items-flex-start fusion-flex-content-wrap\" style=\"max-width:1310.4px;margin-left: calc(-4% \/ 2 );margin-right: calc(-4% \/ 2 );\"><div class=\"fusion-layout-column fusion_builder_column fusion-builder-column-3 fusion_builder_column_1_1 1_1 fusion-flex-column\" style=\"--awb-bg-size:cover;--awb-width-large:100%;--awb-margin-top-large:0px;--awb-spacing-right-large:1.92%;--awb-margin-bottom-large:20px;--awb-spacing-left-large:1.92%;--awb-width-medium:100%;--awb-spacing-right-medium:1.92%;--awb-spacing-left-medium:1.92%;--awb-width-small:100%;--awb-spacing-right-small:1.92%;--awb-spacing-left-small:1.92%;\"><div class=\"fusion-column-wrapper fusion-flex-justify-content-flex-start fusion-content-layout-column\"><div class=\"fusion-section-separator section-separator triangle fusion-section-separator-1\" style=\"--awb-border-bottom:1px solid #ffffff;--awb-spacer-height:1px;--awb-svg-margin-left:1.92%;--awb-svg-margin-right:1.92%;--awb-svg-margin-left-medium:1.92%;--awb-svg-margin-right-medium:1.92%;--awb-svg-margin-left-small:1.92%;--awb-svg-margin-right-small:1.92%;--awb-icon-color:#ffffff;\"><div class=\"fusion-section-separator-svg\"><div class=\"divider-candy-arrow bottom\" style=\"top:0px;border-top-color: #ffffff;\"><\/div><div class=\"divider-candy bottom\" style=\"bottom:-21px;border-bottom:1px solid #ffffff;border-left:1px solid #ffffff;\"><\/div><\/div><div class=\"fusion-section-separator-spacer\"><div class=\"fusion-section-separator-spacer-height\"><\/div><\/div><\/div><div class=\"fusion-separator fusion-full-width-sep\" style=\"align-self: center;margin-left: auto;margin-right: auto;margin-bottom:70px;width:100%;\"><\/div><div class=\"fusion-title title fusion-title-2 fusion-sep-none fusion-title-text fusion-title-size-two\"><h2 class=\"fusion-title-heading title-heading-left fusion-responsive-typography-calculated\" style=\"margin:0;--fontSize:24;--minFontSize:24;line-height:1.3;\">\u00ab Maranatha Conversion \u00bb \u00e9s\u00a0\u00ab Maranatha Medjugorje \u00bb<\/h2><\/div><\/div><\/div><div class=\"fusion-layout-column fusion_builder_column fusion-builder-column-4 fusion_builder_column_2_3 2_3 fusion-flex-column\" style=\"--awb-bg-size:cover;--awb-width-large:66.666666666667%;--awb-margin-top-large:0px;--awb-spacing-right-large:3.84%;--awb-margin-bottom-large:20px;--awb-spacing-left-large:2.88%;--awb-width-medium:66.666666666667%;--awb-spacing-right-medium:3.84%;--awb-spacing-left-medium:2.88%;--awb-width-small:100%;--awb-spacing-right-small:1.92%;--awb-spacing-left-small:1.92%;\"><div class=\"fusion-column-wrapper fusion-flex-justify-content-flex-start fusion-content-layout-column\"><div class=\"fusion-text fusion-text-3\"><p>Mgr Andr\u00e9-Joseph L\u00e9onard \u00e9s Sabrina \u010covi\u0107 Radoji\u010di\u0107 r\u00f6vid tal\u00e1lkoz\u00f3j\u00e1ra 2004-ben ker\u00fclt sor, majd 2007-ben, amikor megkezdt\u00e9k a k\u00f6z\u00f6s munk\u00e1t, melynek c\u00e9lja, hogy elind\u00edtsanak egy \u00ab\u00a0imamozgalmat az emberis\u00e9g gy\u00f3gyul\u00e1s\u00e1\u00e9rt.\u00a0\u00bb Ez a mozgalom Franciaorsz\u00e1gban a \u00ab\u00a0Maranatha Megt\u00e9r\u00e9s\u00a0\u00bb nevet kapta, \u00e9s a \u00ab\u00a0Maranatha Medjugorje\u00a0\u00bb elnevez\u00e9st pedig a bosznia-hercegovinai tev\u00e9kenys\u00e9gek kapt\u00e1k. Az els\u0151 imatal\u00e1lkoz\u00f3ra 2013. m\u00e1rcius 9.-\u00e9n ker\u00fclt sor a br\u00fcsszeli Szent Sz\u00edv Bazilik\u00e1ban. Ezt azt\u00e1n m\u00e9g sz\u00e1mos tal\u00e1lkoz\u00f3 k\u00f6vette szerte a vil\u00e1gban. 2013. augusztus\u00e1ban ker\u00fclt sorra az els\u0151 nagy zar\u00e1ndoklat a Szentf\u00f6ld\u00f6n, 550 zar\u00e1ndokkal, akik a vil\u00e1g minden r\u00e9sz\u00e9r\u0151l \u00e9rkeztek, k\u00f6zt\u00fck a medjugorjei l\u00e1tnok Vicka is jelen volt. 2016-t\u00f3l a \u00ab\u00a0Maranatha Medjugorje\u00a0\u00bb mozgalom zar\u00e1ndoklat keret\u00e9ben tal\u00e1lkoz\u00f3kat szervez Bosznia-Hercegovina ter\u00fclet\u00e9n, nevezetesen Medjugorj\u00e9ben, Mostarban, Szarajev\u00f3ban. Mivel Szarajev\u00f3 volt az els\u0151 vil\u00e1gh\u00e1bor\u00fa kiindul\u00f3pontja, ez\u00e9rt arr\u00f3l \u00e1lmodunk, hogy Szarajev\u00f3 lehessen a vil\u00e1gb\u00e9ke kiindul\u00f3pontja is\u00a0! Tervezz\u00fck a Szentf\u00f6lddel kialakult k\u00fcl\u00f6nleges kapcsolataink meger\u0151s\u00edt\u00e9s\u00e9t is azzal, hogy \u00e9vente legal\u00e1bb egy zar\u00e1ndoklatot szervez\u00fcnk oda.<\/p>\n<\/div><\/div><\/div><div class=\"fusion-layout-column fusion_builder_column fusion-builder-column-5 fusion_builder_column_1_3 1_3 fusion-flex-column\" style=\"--awb-bg-size:cover;--awb-width-large:33.333333333333%;--awb-margin-top-large:0px;--awb-spacing-right-large:5.76%;--awb-margin-bottom-large:20px;--awb-spacing-left-large:3.8399999999999%;--awb-width-medium:33.333333333333%;--awb-spacing-right-medium:5.76%;--awb-spacing-left-medium:3.8399999999999%;--awb-width-small:100%;--awb-spacing-right-small:1.92%;--awb-spacing-left-small:1.92%;\"><div class=\"fusion-column-wrapper fusion-flex-justify-content-flex-start fusion-content-layout-column\"><div class=\"fusion-image-element \" style=\"--awb-caption-title-font-family:var(--h2_typography-font-family);--awb-caption-title-font-weight:var(--h2_typography-font-weight);--awb-caption-title-font-style:var(--h2_typography-font-style);--awb-caption-title-size:var(--h2_typography-font-size);--awb-caption-title-transform:var(--h2_typography-text-transform);--awb-caption-title-line-height:var(--h2_typography-line-height);--awb-caption-title-letter-spacing:var(--h2_typography-letter-spacing);\"><span class=\" fusion-imageframe imageframe-none imageframe-1 hover-type-none\"><img decoding=\"async\" width=\"781\" height=\"633\" title=\"mar-med\" src=\"https:\/\/maranatha-conversion.com\/wp-content\/uploads\/2018\/08\/mar-med.jpg\" alt class=\"img-responsive wp-image-7883\" srcset=\"https:\/\/maranatha-conversion.com\/wp-content\/uploads\/2018\/08\/mar-med-200x162.jpg 200w, https:\/\/maranatha-conversion.com\/wp-content\/uploads\/2018\/08\/mar-med-400x324.jpg 400w, https:\/\/maranatha-conversion.com\/wp-content\/uploads\/2018\/08\/mar-med-600x486.jpg 600w, https:\/\/maranatha-conversion.com\/wp-content\/uploads\/2018\/08\/mar-med.jpg 781w\" sizes=\"(max-width: 640px) 100vw, 400px\" \/><\/span><\/div><\/div><\/div><\/div><\/div><div class=\"fusion-fullwidth fullwidth-box fusion-builder-row-4 fusion-flex-container nonhundred-percent-fullwidth non-hundred-percent-height-scrolling\" style=\"--awb-border-radius-top-left:0px;--awb-border-radius-top-right:0px;--awb-border-radius-bottom-right:0px;--awb-border-radius-bottom-left:0px;--awb-padding-right:60px;--awb-padding-bottom:40px;--awb-padding-left:60px;--awb-background-color:#ffffff;--awb-flex-wrap:wrap;\" ><div class=\"fusion-builder-row fusion-row fusion-flex-align-items-flex-start fusion-flex-content-wrap\" style=\"max-width:1310.4px;margin-left: calc(-4% \/ 2 );margin-right: calc(-4% \/ 2 );\"><div class=\"fusion-layout-column fusion_builder_column fusion-builder-column-6 fusion_builder_column_1_1 1_1 fusion-flex-column\" style=\"--awb-bg-size:cover;--awb-width-large:100%;--awb-margin-top-large:0px;--awb-spacing-right-large:1.92%;--awb-margin-bottom-large:20px;--awb-spacing-left-large:1.92%;--awb-width-medium:100%;--awb-spacing-right-medium:1.92%;--awb-spacing-left-medium:1.92%;--awb-width-small:100%;--awb-spacing-right-small:1.92%;--awb-spacing-left-small:1.92%;\"><div class=\"fusion-column-wrapper fusion-flex-justify-content-flex-start fusion-content-layout-column\"><div class=\"fusion-section-separator section-separator triangle fusion-section-separator-2\" style=\"--awb-border-bottom:1px solid #e2e2e2;--awb-spacer-height:1px;--awb-svg-margin-left:1.92%;--awb-svg-margin-right:1.92%;--awb-svg-margin-left-medium:1.92%;--awb-svg-margin-right-medium:1.92%;--awb-svg-margin-left-small:1.92%;--awb-svg-margin-right-small:1.92%;--awb-icon-color:#ffffff;\"><div class=\"fusion-section-separator-svg\"><div class=\"divider-candy-arrow bottom\" style=\"top:0px;border-top-color: #e2e2e2;\"><\/div><div class=\"divider-candy bottom\" style=\"bottom:-21px;border-bottom:1px solid #e2e2e2;border-left:1px solid #e2e2e2;\"><\/div><\/div><div class=\"fusion-section-separator-spacer\"><div class=\"fusion-section-separator-spacer-height\"><\/div><\/div><\/div><div class=\"fusion-separator fusion-full-width-sep\" style=\"align-self: center;margin-left: auto;margin-right: auto;margin-bottom:70px;width:100%;\"><\/div><div class=\"fusion-title title fusion-title-3 fusion-sep-none fusion-title-text fusion-title-size-two\"><h2 class=\"fusion-title-heading title-heading-left fusion-responsive-typography-calculated\" style=\"margin:0;--fontSize:24;--minFontSize:24;line-height:1.3;\">Mer\u00e9sz \u00f6kumenikus \u00e9s vall\u00e1sok k\u00f6zti nyit\u00e1s<\/h2><\/div><\/div><\/div><div class=\"fusion-layout-column fusion_builder_column fusion-builder-column-7 fusion_builder_column_2_3 2_3 fusion-flex-column\" style=\"--awb-bg-size:cover;--awb-width-large:66.666666666667%;--awb-margin-top-large:0px;--awb-spacing-right-large:3.84%;--awb-margin-bottom-large:20px;--awb-spacing-left-large:2.88%;--awb-width-medium:66.666666666667%;--awb-spacing-right-medium:3.84%;--awb-spacing-left-medium:2.88%;--awb-width-small:100%;--awb-spacing-right-small:1.92%;--awb-spacing-left-small:1.92%;\"><div class=\"fusion-column-wrapper fusion-flex-justify-content-flex-start fusion-content-layout-column\"><div class=\"fusion-text fusion-text-4\"><p>A \u00ab\u00a0Maranatha Megt\u00e9r\u00e9s\u00a0\u00bb egy nemzetk\u00f6zi, katolikus, \u00f6kumenikus \u00e9s vall\u00e1sok k\u00f6zti p\u00e1rbesz\u00e9det el\u0151seg\u00edt\u0151 mozgalom. Tudat\u00e1ban vagyunk annak a vesz\u00e9lynek, amelyet a vall\u00e1si relativizmus \u00e9s n\u00e9melyek azon akarata jelent, hogy egy kereszt\u00e9ny ellenes vall\u00e1s j\u00f6jj\u00f6n l\u00e9tre, ahogy tiszt\u00e1ban vagyunk azzal is, hogy m\u00e1s vall\u00e1sok tartalmaznak kereszt\u00e9ny ellenes tanokat. Mi azonban azt az utat akarjuk k\u00f6vetni, amelyet a p\u00e1p\u00e1k jel\u00f6ltek ki, olyanok, akik b\u00e1tran megh\u00edvt\u00e1k a nem kereszt\u00e9nyeket is, hogy vel\u00fck im\u00e1dkozzanak a b\u00e9k\u00e9\u00e9rt. Mint p\u00e9ld\u00e1ul Szent II. J\u00e1nos P\u00e1l p\u00e1pa 1986. okt\u00f3ber 22.-\u00e9n Assisiben (nem volt semmi zavar\u00a0: k\u00fcl\u00f6nb\u00f6z\u0151 im\u00e1kra ker\u00fclt sor ugyanazon a helyen, \u00e9s egy id\u0151ben im\u00e1dkoztak k\u00fcl\u00f6nb\u00f6z\u0151 helysz\u00edneken). Majd ezt k\u00f6vet\u0151en Ferenc p\u00e1pa is ugyanezt tette sz\u00e1mos esetben.<\/p>\n<p>\u00ab\u00a0Aki az igazs\u00e1got cselekszi, a vil\u00e1goss\u00e1gra megy\u00bb (Jn 3, 21). Krisztus dics\u0151s\u00e9ges elj\u00f6vetelekor Vele uralkodnak majd nemcsak a kereszt\u00e9nyek (akik tan\u00fas\u00e1got tettek J\u00e9zusr\u00f3l), hanem mindazok is, akik eluts\u00edtott\u00e1k a gonoszt. Ezekben a k\u00fcl\u00f6nleges id\u0151kben, amelynekben mi is \u00e9l\u00fcnk, nagyon aktu\u00e1lis a j\u00f3 akarat\u00fa emberek \u00f6sszegy\u0171jt\u00e9se, azok\u00e9, akik elutas\u00edtj\u00e1k az anyagi, nihilista, a hal\u00e1l kult\u00far\u00e1j\u00e1t hordoz\u00f3 vil\u00e1got. Medjugorj\u00e9ben, amikor Sz\u0171z M\u00e1ria a hitetlenekr\u0151l besz\u00e9l, azokr\u00f3l besz\u00e9l, akik \u00ab\u00a0nem tal\u00e1lkoztak Isten szeretet\u00e9vel\u00a0\u00bb. A t\u00edzparancsolat is a szeretet kifejez\u0151d\u00e9s\u00e9vel kezd\u0151dik\u00a0: \u00ab\u00a0\u00c9n vagyok az \u00dar, a te Istened, \u00e9n hoztalak ki Egyiptom f\u00f6ldj\u00e9r\u0151l\u00a0\u00bb (Kiv 20,2). Szent J\u00e1nos pedig \u00edgy foglalja \u00f6ssze a Bibli\u00e1t\u00a0: \u00ab\u00a0Isten szeretet\u00a0\u00bb (1Jn 4,8) Szent II. J\u00e1nos P\u00e1l is ezt mondta Assisiben\u00a0: \u00ab\u00a0A vall\u00e1sok k\u00f6zti p\u00e1rbesz\u00e9d nem f\u00fcggetlen a kereszt\u00e9nys\u00e9g hirdet\u00e9s\u00e9t\u0151l. Al\u00e1zattal \u00fajra elmondom saj\u00e1t hitvall\u00e1somat\u00a0: a b\u00e9ke J\u00e9zus Krisztus nev\u00e9t hordozza\u00a0\u00bb. J\u00e9zus, \u00e9s egyed\u00fcl csak \u0150 fogja megsemmis\u00edteni az Antikrisztust (2 Tesz 2,3-12). Ez\u00e9rt a \u00ab\u00a0Maranatha Megt\u00e9r\u00e9s\u00a0\u00bb\u00a0\u00f6sszej\u00f6vetelei egyszerre k\u00edn\u00e1lj\u00e1k fel a tal\u00e1lkoz\u00e1s, a b\u00f6jt \u00e9s az ima lehet\u0151s\u00e9g\u00e9t.<\/p>\n<\/div><\/div><\/div><div class=\"fusion-layout-column fusion_builder_column fusion-builder-column-8 fusion_builder_column_1_3 1_3 fusion-flex-column\" style=\"--awb-bg-size:cover;--awb-width-large:33.333333333333%;--awb-margin-top-large:0px;--awb-spacing-right-large:5.76%;--awb-margin-bottom-large:20px;--awb-spacing-left-large:3.8399999999999%;--awb-width-medium:33.333333333333%;--awb-spacing-right-medium:5.76%;--awb-spacing-left-medium:3.8399999999999%;--awb-width-small:100%;--awb-spacing-right-small:1.92%;--awb-spacing-left-small:1.92%;\"><div class=\"fusion-column-wrapper fusion-flex-justify-content-flex-start fusion-content-layout-column\"><div class=\"fusion-image-element \" style=\"--awb-caption-title-font-family:var(--h2_typography-font-family);--awb-caption-title-font-weight:var(--h2_typography-font-weight);--awb-caption-title-font-style:var(--h2_typography-font-style);--awb-caption-title-size:var(--h2_typography-font-size);--awb-caption-title-transform:var(--h2_typography-text-transform);--awb-caption-title-line-height:var(--h2_typography-line-height);--awb-caption-title-letter-spacing:var(--h2_typography-letter-spacing);\"><span class=\" fusion-imageframe imageframe-none imageframe-2 hover-type-none\"><img decoding=\"async\" width=\"1200\" height=\"800\" title=\"BH16\" src=\"https:\/\/maranatha-conversion.com\/wp-content\/uploads\/2018\/12\/BH16.jpg\" alt class=\"img-responsive wp-image-8283\" srcset=\"https:\/\/maranatha-conversion.com\/wp-content\/uploads\/2018\/12\/BH16-200x133.jpg 200w, https:\/\/maranatha-conversion.com\/wp-content\/uploads\/2018\/12\/BH16-400x267.jpg 400w, https:\/\/maranatha-conversion.com\/wp-content\/uploads\/2018\/12\/BH16-600x400.jpg 600w, https:\/\/maranatha-conversion.com\/wp-content\/uploads\/2018\/12\/BH16-800x533.jpg 800w, https:\/\/maranatha-conversion.com\/wp-content\/uploads\/2018\/12\/BH16.jpg 1200w\" sizes=\"(max-width: 640px) 100vw, 400px\" \/><\/span><\/div><\/div><\/div><\/div><\/div><div class=\"fusion-fullwidth fullwidth-box fusion-builder-row-5 fusion-flex-container nonhundred-percent-fullwidth non-hundred-percent-height-scrolling\" style=\"--awb-border-radius-top-left:0px;--awb-border-radius-top-right:0px;--awb-border-radius-bottom-right:0px;--awb-border-radius-bottom-left:0px;--awb-padding-right:60px;--awb-padding-bottom:40px;--awb-padding-left:60px;--awb-background-color:#e2e2e2;--awb-flex-wrap:wrap;\" ><div class=\"fusion-builder-row fusion-row fusion-flex-align-items-flex-start fusion-flex-content-wrap\" style=\"max-width:1310.4px;margin-left: calc(-4% \/ 2 );margin-right: calc(-4% \/ 2 );\"><div class=\"fusion-layout-column fusion_builder_column fusion-builder-column-9 fusion_builder_column_1_1 1_1 fusion-flex-column\" style=\"--awb-bg-size:cover;--awb-width-large:100%;--awb-margin-top-large:0px;--awb-spacing-right-large:1.92%;--awb-margin-bottom-large:20px;--awb-spacing-left-large:1.92%;--awb-width-medium:100%;--awb-spacing-right-medium:1.92%;--awb-spacing-left-medium:1.92%;--awb-width-small:100%;--awb-spacing-right-small:1.92%;--awb-spacing-left-small:1.92%;\"><div class=\"fusion-column-wrapper fusion-flex-justify-content-flex-start fusion-content-layout-column\"><div class=\"fusion-section-separator section-separator triangle fusion-section-separator-3\" style=\"--awb-border-bottom:1px solid #ffffff;--awb-spacer-height:1px;--awb-svg-margin-left:1.92%;--awb-svg-margin-right:1.92%;--awb-svg-margin-left-medium:1.92%;--awb-svg-margin-right-medium:1.92%;--awb-svg-margin-left-small:1.92%;--awb-svg-margin-right-small:1.92%;--awb-icon-color:#ffffff;\"><div class=\"fusion-section-separator-svg\"><div class=\"divider-candy-arrow bottom\" style=\"top:0px;border-top-color: #ffffff;\"><\/div><div class=\"divider-candy bottom\" style=\"bottom:-21px;border-bottom:1px solid #ffffff;border-left:1px solid #ffffff;\"><\/div><\/div><div class=\"fusion-section-separator-spacer\"><div class=\"fusion-section-separator-spacer-height\"><\/div><\/div><\/div><div class=\"fusion-separator fusion-full-width-sep\" style=\"align-self: center;margin-left: auto;margin-right: auto;margin-bottom:70px;width:100%;\"><\/div><div class=\"fusion-title title fusion-title-4 fusion-sep-none fusion-title-text fusion-title-size-two\"><h2 class=\"fusion-title-heading title-heading-left fusion-responsive-typography-calculated\" style=\"margin:0;--fontSize:24;--minFontSize:24;line-height:1.3;\">Maranatha-Medjugorje<\/h2><\/div><\/div><\/div><div class=\"fusion-layout-column fusion_builder_column fusion-builder-column-10 fusion_builder_column_1_3 1_3 fusion-flex-column\" style=\"--awb-bg-size:cover;--awb-width-large:33.333333333333%;--awb-margin-top-large:0px;--awb-spacing-right-large:3.8399999999999%;--awb-margin-bottom-large:20px;--awb-spacing-left-large:5.76%;--awb-width-medium:33.333333333333%;--awb-spacing-right-medium:3.8399999999999%;--awb-spacing-left-medium:5.76%;--awb-width-small:100%;--awb-spacing-right-small:1.92%;--awb-spacing-left-small:1.92%;\"><div class=\"fusion-column-wrapper fusion-flex-justify-content-flex-start fusion-content-layout-column\"><div class=\"fusion-image-element \" style=\"--awb-caption-title-font-family:var(--h2_typography-font-family);--awb-caption-title-font-weight:var(--h2_typography-font-weight);--awb-caption-title-font-style:var(--h2_typography-font-style);--awb-caption-title-size:var(--h2_typography-font-size);--awb-caption-title-transform:var(--h2_typography-text-transform);--awb-caption-title-line-height:var(--h2_typography-line-height);--awb-caption-title-letter-spacing:var(--h2_typography-letter-spacing);\"><span class=\" fusion-imageframe imageframe-none imageframe-3 hover-type-none\"><img decoding=\"async\" width=\"1920\" height=\"1440\" title=\"bg-nice\" src=\"https:\/\/maranatha-conversion.com\/wp-content\/uploads\/2018\/08\/bg-nice.jpg\" alt class=\"img-responsive wp-image-7803\" srcset=\"https:\/\/maranatha-conversion.com\/wp-content\/uploads\/2018\/08\/bg-nice-200x150.jpg 200w, https:\/\/maranatha-conversion.com\/wp-content\/uploads\/2018\/08\/bg-nice-400x300.jpg 400w, https:\/\/maranatha-conversion.com\/wp-content\/uploads\/2018\/08\/bg-nice-600x450.jpg 600w, https:\/\/maranatha-conversion.com\/wp-content\/uploads\/2018\/08\/bg-nice-800x600.jpg 800w, https:\/\/maranatha-conversion.com\/wp-content\/uploads\/2018\/08\/bg-nice-1200x900.jpg 1200w, https:\/\/maranatha-conversion.com\/wp-content\/uploads\/2018\/08\/bg-nice.jpg 1920w\" sizes=\"(max-width: 640px) 100vw, 400px\" \/><\/span><\/div><\/div><\/div><div class=\"fusion-layout-column fusion_builder_column fusion-builder-column-11 fusion_builder_column_2_3 2_3 fusion-flex-column\" style=\"--awb-bg-size:cover;--awb-width-large:66.666666666667%;--awb-margin-top-large:0px;--awb-spacing-right-large:2.88%;--awb-margin-bottom-large:20px;--awb-spacing-left-large:3.84%;--awb-width-medium:66.666666666667%;--awb-spacing-right-medium:2.88%;--awb-spacing-left-medium:3.84%;--awb-width-small:100%;--awb-spacing-right-small:1.92%;--awb-spacing-left-small:1.92%;\"><div class=\"fusion-column-wrapper fusion-flex-justify-content-flex-start fusion-content-layout-column\"><div class=\"fusion-text fusion-text-5\"><p>A Maranatha-Medjugorje egyes\u00fclet egy Bosznia-Hercegovin\u00e1ban bejegyzett\u00a0 szervezet.\u00a0 A Maranatha Megt\u00e9r\u00e9s mozgalom nemzetk\u00f6zi, \u00f6kumenikus imasz\u00e1nd\u00e9kait veszi \u00e1t.<\/p>\n<p>A benn\u00fcnket k\u00f6r\u00fclvev\u0151 gonosz m\u00e1r olyan szint\u0171, hogy norm\u00e1lisnak t\u0171nik az \u00e1ltala okozott szenved\u00e9s, s\u0151t m\u00e1r ezt nevezz\u00fck \u00ab\u00a0val\u00f3s\u00e1gnak\u00a0\u00bb, \u00e9s fenn\u00e1ll annak a vesz\u00e9lye, hogy passzivit\u00e1sba s\u00fcllyed\u00fcnk. Ez az oka annak, hogy elgondolkodtunk azon, hogy milyen m\u00f3don tudn\u00e1nk terjeszteni a j\u00f3t ahelyett, hogy hagyn\u00e1nk a gonoszt eluralkodni. Senki se gondolja, hogy ut\u00f3pist\u00e1k vagy idealist\u00e1k lenn\u00e9nk.<\/p>\n<p>De h\u00e1t, legy\u00fcnk csak idealist\u00e1k\u00a0! Lelkesen h\u00edvjuk \u00f6n\u00f6ket, hogy legyenek r\u00e9sztvev\u0151i egy olyan mozgalomnak, amelyet teljes eg\u00e9sz\u00e9ben az a v\u00e1gy hat \u00e1t, hogy kov\u00e1sz legyen minden j\u00f3 akarat\u00fa ember k\u00f6z\u00f6tt\u00a0: ez az egys\u00e9g, amelynek a hi\u00e1nya annyi szenved\u00e9st okoz sz\u00e1munkra, nem lehet emberi alkot\u00e1s eredm\u00e9nye (l\u00e1tjuk, hova vezetett B\u00e1bel tornya)\u00a0; Isten aj\u00e1nd\u00e9ka, \u00e9s im\u00e1inkkal k\u00e9rj\u00fck.<\/p>\n<p>\u00c9vente t\u00f6bb alkalommal k\u00edn\u00e1lunk zar\u00e1ndoklattal egybek\u00f6t\u00f6tt tal\u00e1lkoz\u00f3kat Bosznia-Hercegovina ter\u00fclet\u00e9n, egy olyan orsz\u00e1gban, ahol lehet\u0151s\u00e9g\u00fcnk van az \u00f6kumenizmus minden hat\u00e1r\u00e1n t\u00fall\u00e9pni, hogy vall\u00e1sok k\u00f6zti szereveztk\u00e9nt m\u0171k\u00f6dj\u00fcnk.<\/p>\n<\/div><\/div><\/div><\/div><\/div><div class=\"fusion-fullwidth fullwidth-box fusion-builder-row-6 fusion-flex-container nonhundred-percent-fullwidth non-hundred-percent-height-scrolling\" style=\"--awb-border-radius-top-left:0px;--awb-border-radius-top-right:0px;--awb-border-radius-bottom-right:0px;--awb-border-radius-bottom-left:0px;--awb-padding-top:40px;--awb-padding-right:60px;--awb-padding-bottom:20px;--awb-padding-left:60px;--awb-background-color:#4267b2;--awb-flex-wrap:wrap;\" ><div class=\"fusion-builder-row fusion-row fusion-flex-align-items-flex-start fusion-flex-content-wrap\" style=\"max-width:calc( 1260px + 0px );margin-left: calc(-0px \/ 2 );margin-right: calc(-0px \/ 2 );\"><div class=\"fusion-layout-column fusion_builder_column fusion-builder-column-12 fusion_builder_column_1_1 1_1 fusion-flex-column\" style=\"--awb-bg-size:cover;--awb-width-large:100%;--awb-margin-top-large:0px;--awb-spacing-right-large:0px;--awb-margin-bottom-large:20px;--awb-spacing-left-large:0px;--awb-width-medium:100%;--awb-spacing-right-medium:0px;--awb-spacing-left-medium:0px;--awb-width-small:100%;--awb-spacing-right-small:0px;--awb-spacing-left-small:0px;\"><div class=\"fusion-column-wrapper fusion-flex-justify-content-flex-start fusion-content-layout-column\"><div class=\"fusion-title title fusion-title-5 fusion-sep-none fusion-title-text fusion-title-size-two whitetext\"><h2 class=\"fusion-title-heading title-heading-left fusion-responsive-typography-calculated\" style=\"margin:0;--fontSize:24;--minFontSize:24;line-height:1.3;\">Jogi fel\u00e9p\u00edt\u00e9s<\/h2><\/div><div class=\"fusion-text fusion-text-6 whitetext\"><ul>\n<li>A \u00ab\u00a0Maranatha Megt\u00e9r\u00e9s\u00bb, egy francia egyes\u00fclet. Az 1901-es t\u00f6rv\u00e9ny foglalja \u00f6ssze az \u00f6sszes francia \u00e9s nemzetk\u00f6zi tev\u00e9kenys\u00e9get.<a href=\"https:\/\/maranatha-conversion.com\"> https:\/\/maranatha-conversion.com<\/a><\/li>\n<li>A \u00ab\u00a0Maranatha Me\u0111ugorje\u00a0\u00bb, a bosznia-hercegovinai jog \u00e9rtelm\u00e9ben l\u00e9trehozott egyes\u00fclet, amely az ebben az orsz\u00e1gban, \u00e9s a Szentf\u00f6ld\u00f6n sorra ker\u00fcl\u0151 tal\u00e1lkoz\u00f3k szem\u00e9lyi \u00e9s technikai felk\u00e9sz\u00edt\u00e9s\u00e9t v\u00e9gzi.\u00a0<a href=\"https:\/\/www.maranatha-conversion.com\">https:\/\/www.maranatha-conversion.com<\/a><\/li>\n<li>A Medjugorjei\u00a0 \u00ab\u00a0B\u00e9kek\u00f6zpont\u00a0\u00bb az Anya Faluja fel\u00e9 vezet\u0151 \u00faton tal\u00e1lhat\u00f3. Itt van a \u00ab\u00a0Marantha Medjugorje\u00a0\u00bb egyes\u00fclet k\u00f6zpontja, amely m\u0171k\u00f6dteti a helyet. Ezenk\u00edv\u00fcl k\u00f6nyvesbolt is tal\u00e1lhat\u00f3 itt (<a href=\"https:\/\/www.sakramento.com\">www.sakramento.com<\/a>) illetve k\u00f6nyvt\u00e1r, \u00e9s tal\u00e1lkoz\u00f3k, el\u0151ad\u00e1sok helysz\u00edn\u00e9\u00fcl is szolg\u00e1lhat a B\u00e9kek\u00f6zpont.<\/li>\n<\/ul>\n<\/div><div class=\"fusion-title title fusion-title-6 fusion-sep-none fusion-title-text fusion-title-size-two whitetext\"><h2 class=\"fusion-title-heading title-heading-left fusion-responsive-typography-calculated\" style=\"margin:0;--fontSize:24;--minFontSize:24;line-height:1.3;\">Jelenlegi tev\u00e9kenys\u00e9gek \u00e9s tervek<\/h2><\/div><div class=\"fusion-text fusion-text-7 whitetext\"><p>\u2022 F\u0151bb tev\u00e9kenys\u00e9geink f\u0151szezonban a zar\u00e1ndoklatok, \u00ab\u00a0Maranatha\u00a0\u00bb lelkigyakorlatok szervez\u00e9se Bosznia-Hercegovina ter\u00fclet\u00e9n \u00e9s a Szentf\u00f6ld\u00f6n, ezenk\u00edv\u00fcl\u00a0 a \u00ab\u00a0Maranaton\u00a0\u00bb imacsoportok szervez\u00e9se f\u00f6ldrajzi \u00e9rtelemben a lehet\u0151 legsz\u00e9lesebb spektrum lefed\u00e9s\u00e9vel, \u00ab\u00a0imamaratonok\u00a0\u00bb kezdem\u00e9nyez\u00e9s\u00e9vel vil\u00e1gszerte t\u00f6bb M\u00e1ria-kegyhelyen vagy lelkis\u00e9gi k\u00f6zpontban.<\/p>\n<\/div><\/div><\/div><\/div><\/div><div class=\"fusion-fullwidth fullwidth-box fusion-builder-row-7 fusion-flex-container hundred-percent-fullwidth non-hundred-percent-height-scrolling\" style=\"--awb-border-radius-top-left:0px;--awb-border-radius-top-right:0px;--awb-border-radius-bottom-right:0px;--awb-border-radius-bottom-left:0px;--awb-overflow:visible;--awb-padding-right:30px;--awb-padding-left:30px;--awb-flex-wrap:wrap;\" ><div class=\"fusion-builder-row fusion-row fusion-flex-align-items-flex-start fusion-flex-content-wrap\" style=\"width:calc( 100% + 0px ) !important;max-width:calc( 100% + 0px ) !important;margin-left: calc(-0px \/ 2 );margin-right: calc(-0px \/ 2 );\"><div class=\"fusion-layout-column fusion_builder_column fusion-builder-column-13 fusion_builder_column_1_1 1_1 fusion-flex-column\" style=\"--awb-bg-size:cover;--awb-width-large:100%;--awb-margin-top-large:0px;--awb-spacing-right-large:0px;--awb-margin-bottom-large:20px;--awb-spacing-left-large:0px;--awb-width-medium:100%;--awb-spacing-right-medium:0px;--awb-spacing-left-medium:0px;--awb-width-small:100%;--awb-spacing-right-small:0px;--awb-spacing-left-small:0px;\"><div class=\"fusion-column-wrapper fusion-flex-justify-content-flex-start fusion-content-layout-column\"><div class=\"fusion-separator fusion-full-width-sep\" style=\"align-self: center;margin-left: auto;margin-right: auto;margin-bottom:40px;width:100%;\"><\/div><div class=\"fusion-text fusion-text-8\"><h1 style=\"font-size: 1em; text-align: center; text-transform: uppercase; letter-spacing: 6px; color: #000; margin-bottom: 0;\">Rendel\u00e9s: www.sakramento.com<\/h1>\n<\/div><div class=\"fusion-text fusion-text-9\"><h1 style=\"margin-top: 0; font-size: 45px; text-align: center; text-transform: uppercase; letter-spacing: 2px; color: #dca960; text-shadow: 2px 2px rgba(0, 0, 0, 0.62);\">K\u00c9T K\u00d6NYV, amely lehet\u0151v\u00e9 teszi a MARANATHA MOZGALOM l\u00e9nyeg\u00e9nek meg\u00e9rt\u00e9s\u00e9t<\/h1>\n<\/div><\/div><\/div><\/div><\/div><div class=\"fusion-fullwidth fullwidth-box fusion-builder-row-8 fusion-flex-container nonhundred-percent-fullwidth non-hundred-percent-height-scrolling\" style=\"--awb-border-radius-top-left:0px;--awb-border-radius-top-right:0px;--awb-border-radius-bottom-right:0px;--awb-border-radius-bottom-left:0px;--awb-background-color:#e2e2e2;--awb-flex-wrap:wrap;\" ><div class=\"fusion-builder-row fusion-row fusion-flex-align-items-flex-start fusion-flex-content-wrap\" style=\"max-width:1310.4px;margin-left: calc(-4% \/ 2 );margin-right: calc(-4% \/ 2 );\"><div class=\"fusion-layout-column fusion_builder_column fusion-builder-column-14 fusion_builder_column_1_1 1_1 fusion-flex-column\" style=\"--awb-bg-size:cover;--awb-width-large:100%;--awb-margin-top-large:0px;--awb-spacing-right-large:1.92%;--awb-margin-bottom-large:20px;--awb-spacing-left-large:1.92%;--awb-width-medium:100%;--awb-spacing-right-medium:1.92%;--awb-spacing-left-medium:1.92%;--awb-width-small:100%;--awb-spacing-right-small:1.92%;--awb-spacing-left-small:1.92%;\"><div class=\"fusion-column-wrapper fusion-flex-justify-content-flex-start fusion-content-layout-column\"><div class=\"fusion-section-separator section-separator triangle fusion-section-separator-4\" style=\"--awb-border-bottom:1px solid #ffffff;--awb-spacer-height:1px;--awb-svg-margin-left:1.92%;--awb-svg-margin-right:1.92%;--awb-svg-margin-left-medium:1.92%;--awb-svg-margin-right-medium:1.92%;--awb-svg-margin-left-small:1.92%;--awb-svg-margin-right-small:1.92%;--awb-icon-color:#ffffff;\"><div class=\"fusion-section-separator-svg\"><div class=\"divider-candy-arrow bottom\" style=\"top:0px;border-top-color: #ffffff;\"><\/div><div class=\"divider-candy bottom\" style=\"bottom:-21px;border-bottom:1px solid #ffffff;border-left:1px solid #ffffff;\"><\/div><\/div><div class=\"fusion-section-separator-spacer\"><div class=\"fusion-section-separator-spacer-height\"><\/div><\/div><\/div><div class=\"fusion-separator fusion-full-width-sep\" style=\"align-self: center;margin-left: auto;margin-right: auto;margin-bottom:70px;width:100%;\"><\/div><\/div><\/div><div class=\"fusion-layout-column fusion_builder_column fusion-builder-column-15 fusion_builder_column_3_4 3_4 fusion-flex-column\" style=\"--awb-bg-size:cover;--awb-width-large:75%;--awb-margin-top-large:0px;--awb-spacing-right-large:3.84%;--awb-margin-bottom-large:20px;--awb-spacing-left-large:2.56%;--awb-width-medium:75%;--awb-spacing-right-medium:3.84%;--awb-spacing-left-medium:2.56%;--awb-width-small:100%;--awb-spacing-right-small:1.92%;--awb-spacing-left-small:1.92%;\"><div class=\"fusion-column-wrapper fusion-flex-justify-content-flex-start fusion-content-layout-column\"><div class=\"fusion-text fusion-text-10\"><p><strong><u>\u00ab\u00a0Az \u00d6r\u00f6mh\u00edr sz\u00edve, l\u00e9nyege\u00a0\u00bb <\/u><\/strong><u>\u00a0Mgr Andr\u00e9 L\u00e9onard<\/u><\/p>\n<p>M\u00e1r Jeremi\u00e1s pr\u00f3f\u00e9ta is megmondta, hogy \u00ab\u00a0Csal\u00e1rdabb az emberi sz\u00edv mindenn\u00e9l, \u00e9s tele van gonoszs\u00e1ggal.\u00a0\u00bb (Jer 17,9) Mit mondana ma, amikor ennyi minden fenyegeti az emberis\u00e9get \u00e9s a vil\u00e1got\u00a0? Igen, az emberis\u00e9g beteg, \u00e9s megt\u00e9r\u00e9sre van sz\u00fcks\u00e9ge.\u00a0 Megt\u00e9r\u00e9sre van sz\u00fcks\u00e9g\u00fcnk. Mindannyiunknak. Vil\u00e1giak egy igen lelkes csoportj\u00e1val, s\u00fcrget\u0151nek tal\u00e1ltam elind\u00edtani egy hitben elk\u00f6telezett imamozgalmat, melynek c\u00e9lja az emberi sz\u00edv \u00e9s az emberis\u00e9g gy\u00f3gyul\u00e1sa. Egy \u00f6kumenikus mozgalomr\u00f3l van sz\u00f3, amely \u00f6sszegy\u0171jti a k\u00fcl\u00f6nb\u00f6z\u0151 felekezet\u0171 kereszt\u00e9nyeket. Abban a meggy\u0151z\u0151d\u00e9sben, hogy egyed\u00fcl csak az \u00dar tud megmenteni benn\u00fcnket a szakad\u00e9kba val\u00f3 zuhan\u00e1st\u00f3l, \u00e9s \u0150 adhat rem\u00e9nyt nek\u00fcnk, a\u00a0 \u00ab\u00a0Maranatha\u00a0\u00bb nevet adtuk ennek a mozgalomnak. (J\u00f6jj, Uram, ar\u00e1mi nyelven, ami J\u00e9zus nyelve). A Biblia utols\u00f3 el\u0151tti sor\u00e1b\u00f3l mer\u00edtett\u00fcnk ihletet: \u00ab\u00a0Igen, hamarosan elj\u00f6v\u00f6k.\u00a0\u00bb\u00a0 (Jel 22,20)<\/p>\n<p>Ennek a mozgalomnak t\u00e1mogat\u00e1sak\u00e9nt, aj\u00e1nljuk, olvass\u00e1k el az \u00ab\u00a0\u00d6r\u00f6mh\u00edr sz\u00edve, l\u00e9nyege\u00a0\u00bb c. imak\u00f6nyvet, amelyet kifjezetten erre a c\u00e9lra \u00e1ll\u00edtottunk \u00f6ssze.<\/p>\n<p style=\"text-align: right;\"><em>Mgr Andr\u00e9 L\u00c9ONARD, <\/em><\/p>\n<p style=\"text-align: right;\"><em>Malines-Bruxelles nyugalmazott \u00e9rse, <\/em><\/p>\n<p style=\"text-align: right;\"><em>a Laus-i Miasszonyunk kegyhely k\u00e1pl\u00e1nja (Hautes-Alpes, Franciaorsz\u00e1g).<\/em><\/p>\n<\/div><\/div><\/div><div class=\"fusion-layout-column fusion_builder_column fusion-builder-column-16 fusion_builder_column_1_4 1_4 fusion-flex-column\" style=\"--awb-bg-size:cover;--awb-width-large:25%;--awb-margin-top-large:0px;--awb-spacing-right-large:7.68%;--awb-margin-bottom-large:20px;--awb-spacing-left-large:3.84%;--awb-width-medium:25%;--awb-spacing-right-medium:7.68%;--awb-spacing-left-medium:3.84%;--awb-width-small:100%;--awb-spacing-right-small:1.92%;--awb-spacing-left-small:1.92%;\"><div class=\"fusion-column-wrapper fusion-flex-justify-content-flex-start fusion-content-layout-column\"><div class=\"fusion-image-element \" style=\"--awb-caption-title-font-family:var(--h2_typography-font-family);--awb-caption-title-font-weight:var(--h2_typography-font-weight);--awb-caption-title-font-style:var(--h2_typography-font-style);--awb-caption-title-size:var(--h2_typography-font-size);--awb-caption-title-transform:var(--h2_typography-text-transform);--awb-caption-title-line-height:var(--h2_typography-line-height);--awb-caption-title-letter-spacing:var(--h2_typography-letter-spacing);\"><span class=\" fusion-imageframe imageframe-none imageframe-4 hover-type-none\"><img decoding=\"async\" width=\"1329\" height=\"1969\" title=\"AZ \u00d6R\u00d6MH\u00cdR\" src=\"https:\/\/maranatha-conversion.com\/wp-content\/uploads\/2019\/02\/AZ-\u00d6R\u00d6MH\u00cdR.jpg\" alt class=\"img-responsive wp-image-2684\" srcset=\"https:\/\/maranatha-conversion.com\/wp-content\/uploads\/2019\/02\/AZ-\u00d6R\u00d6MH\u00cdR-200x296.jpg 200w, https:\/\/maranatha-conversion.com\/wp-content\/uploads\/2019\/02\/AZ-\u00d6R\u00d6MH\u00cdR-400x593.jpg 400w, https:\/\/maranatha-conversion.com\/wp-content\/uploads\/2019\/02\/AZ-\u00d6R\u00d6MH\u00cdR-600x889.jpg 600w, https:\/\/maranatha-conversion.com\/wp-content\/uploads\/2019\/02\/AZ-\u00d6R\u00d6MH\u00cdR-800x1185.jpg 800w, https:\/\/maranatha-conversion.com\/wp-content\/uploads\/2019\/02\/AZ-\u00d6R\u00d6MH\u00cdR-1200x1778.jpg 1200w, https:\/\/maranatha-conversion.com\/wp-content\/uploads\/2019\/02\/AZ-\u00d6R\u00d6MH\u00cdR.jpg 1329w\" sizes=\"(max-width: 640px) 100vw, 400px\" \/><\/span><\/div><\/div><\/div><\/div><\/div><div class=\"fusion-fullwidth fullwidth-box fusion-builder-row-9 fusion-flex-container nonhundred-percent-fullwidth non-hundred-percent-height-scrolling\" style=\"--awb-border-radius-top-left:0px;--awb-border-radius-top-right:0px;--awb-border-radius-bottom-right:0px;--awb-border-radius-bottom-left:0px;--awb-background-color:#e2e2e2;--awb-flex-wrap:wrap;\" ><div class=\"fusion-builder-row fusion-row fusion-flex-align-items-flex-start fusion-flex-content-wrap\" style=\"max-width:1310.4px;margin-left: calc(-4% \/ 2 );margin-right: calc(-4% \/ 2 );\"><div class=\"fusion-layout-column fusion_builder_column fusion-builder-column-17 fusion_builder_column_1_4 1_4 fusion-flex-column\" style=\"--awb-bg-size:cover;--awb-width-large:25%;--awb-margin-top-large:0px;--awb-spacing-right-large:3.84%;--awb-margin-bottom-large:20px;--awb-spacing-left-large:7.68%;--awb-width-medium:25%;--awb-spacing-right-medium:3.84%;--awb-spacing-left-medium:7.68%;--awb-width-small:100%;--awb-spacing-right-small:1.92%;--awb-spacing-left-small:1.92%;\"><div class=\"fusion-column-wrapper fusion-flex-justify-content-flex-start fusion-content-layout-column\"><div class=\"fusion-image-element \" style=\"--awb-caption-title-font-family:var(--h2_typography-font-family);--awb-caption-title-font-weight:var(--h2_typography-font-weight);--awb-caption-title-font-style:var(--h2_typography-font-style);--awb-caption-title-size:var(--h2_typography-font-size);--awb-caption-title-transform:var(--h2_typography-text-transform);--awb-caption-title-line-height:var(--h2_typography-line-height);--awb-caption-title-letter-spacing:var(--h2_typography-letter-spacing);\"><span class=\" fusion-imageframe imageframe-none imageframe-5 hover-type-none\"><img decoding=\"async\" width=\"1370\" height=\"1897\" title=\"Livret-de-pri\u00e8re-pour-les-Maranathons-de-pri\u00e8re-\u00bb-de-Fran\u00e7oise-Breynaert\" src=\"https:\/\/maranatha-conversion.com\/wp-content\/uploads\/2018\/12\/Livret-de-pri\u00e8re-pour-les-Maranathons-de-pri\u00e8re-\u00bb-de-Fran\u00e7oise-Breynaert.jpg\" alt class=\"img-responsive wp-image-8315\" srcset=\"https:\/\/maranatha-conversion.com\/wp-content\/uploads\/2018\/12\/Livret-de-pri\u00e8re-pour-les-Maranathons-de-pri\u00e8re-\u00bb-de-Fran\u00e7oise-Breynaert-200x277.jpg 200w, https:\/\/maranatha-conversion.com\/wp-content\/uploads\/2018\/12\/Livret-de-pri\u00e8re-pour-les-Maranathons-de-pri\u00e8re-\u00bb-de-Fran\u00e7oise-Breynaert-400x554.jpg 400w, https:\/\/maranatha-conversion.com\/wp-content\/uploads\/2018\/12\/Livret-de-pri\u00e8re-pour-les-Maranathons-de-pri\u00e8re-\u00bb-de-Fran\u00e7oise-Breynaert-600x831.jpg 600w, https:\/\/maranatha-conversion.com\/wp-content\/uploads\/2018\/12\/Livret-de-pri\u00e8re-pour-les-Maranathons-de-pri\u00e8re-\u00bb-de-Fran\u00e7oise-Breynaert-800x1108.jpg 800w, https:\/\/maranatha-conversion.com\/wp-content\/uploads\/2018\/12\/Livret-de-pri\u00e8re-pour-les-Maranathons-de-pri\u00e8re-\u00bb-de-Fran\u00e7oise-Breynaert-1200x1662.jpg 1200w, https:\/\/maranatha-conversion.com\/wp-content\/uploads\/2018\/12\/Livret-de-pri\u00e8re-pour-les-Maranathons-de-pri\u00e8re-\u00bb-de-Fran\u00e7oise-Breynaert.jpg 1370w\" sizes=\"(max-width: 640px) 100vw, 400px\" \/><\/span><\/div><\/div><\/div><div class=\"fusion-layout-column fusion_builder_column fusion-builder-column-18 fusion_builder_column_3_4 3_4 fusion-flex-column\" style=\"--awb-bg-size:cover;--awb-width-large:75%;--awb-margin-top-large:0px;--awb-spacing-right-large:2.56%;--awb-margin-bottom-large:20px;--awb-spacing-left-large:3.84%;--awb-width-medium:75%;--awb-spacing-right-medium:2.56%;--awb-spacing-left-medium:3.84%;--awb-width-small:100%;--awb-spacing-right-small:1.92%;--awb-spacing-left-small:1.92%;\"><div class=\"fusion-column-wrapper fusion-flex-justify-content-flex-start fusion-content-layout-column\"><div class=\"fusion-text fusion-text-11\"><p><strong><u>\u00ab\u00a0Az imamaranatonok imak\u00f6nyve\u00a0\u00bb<\/u><\/strong><u>\u00a0 Fran\u00e7oise Breynaert<\/u><\/p>\n<p>(r\u00e9szlet Mgr L\u00e9onard el\u0151szav\u00e1b\u00f3l)<\/p>\n<p>A \u00ab\u00a0Maranathon\u00a0\u00bb terv egy egyszer\u0171en \u0151r\u00fclt terv. M\u00e1r csak a neve is az\u00a0! Azonnal a t\u00f6bb kilom\u00e9ter hossz\u00fa \u00ab\u00a0maratoni\u00a0\u00bb fut\u00e1st juttatja esz\u00fcnkbe, de gondolhatunk a \u00ab\u00a0Maranatha\u00a0\u00bb mozgalmak jelszav\u00e1ra is, ami nem m\u00e1s, mint a Biblia utols\u00f3 im\u00e1ja\u00a0: \u00ab\u00a0J\u00f6jj, Uram\u00a0!\u00a0\u00bb \u00ab\u00a0Amen\u00a0! Maranatha\u00a0!\u00a0\u00bb (Jel 22,20).<\/p>\n<p>Ez a mozgalom m\u00e1r t\u00f6bb nagy \u00f6sszej\u00f6vetelt \u00e9s zar\u00e1ndoklatot szervezett Szentf\u00f6ld\u00f6n \u00e9s Bosznia-Hercegovin\u00e1ban. A t\u00f6megb\u0151l imacsoportok j\u00f6ttek l\u00e9tre, hogy k\u00f6zbenj\u00e1rjanak az Egyh\u00e1z \u00e9s a vil\u00e1g azon nagy kih\u00edv\u00e1sai\u00e9rt, amelyek a teljes sz\u00edvb\u00e9li megt\u00e9r\u00e9st \u00e9s az emberis\u00e9g igazi gy\u00f3gyul\u00e1s\u00e1t k\u00f6vetelik meg.<\/p>\n<p>De nem mindenkinek van lehet\u0151s\u00e9ge imatal\u00e1lkoz\u00f3kon \u00e9s zar\u00e1ndoklatokon r\u00e9szt venni. Ez\u00e9rt az az \u00f6tlet\u00fcnk t\u00e1madt, hogy felhaszn\u00e1ljuk mind a nyomtat\u00e1s, mind pedig az Internet k\u00edn\u00e1lta lehet\u0151s\u00e9geket olyan kiadv\u00e1ny terjeszt\u00e9s\u00e9re, amely ak\u00e1r mag\u00e1nszem\u00e9lyeknek, ak\u00e1r csoportoknak lehet\u0151v\u00e9 teszi, hogy az eg\u00e9sz bolyg\u00f3t beh\u00e1loz\u00f3 \u00f3ri\u00e1si imal\u00e1ncot hozzanak l\u00e9tre, amely eg\u00e9szen az Egekig \u00e9r, \u00e9s az embersi\u00e9g a gy\u00f3gyul\u00e1s\u00e1\u00e9rt, a sz\u00edvek megt\u00e9r\u00e9s\u00e9\u00e9rt \u00e9s az \u00dar dics\u0151s\u00e9ges elj\u00f6vetel\u00e9\u00e9rt k\u00f6ny\u00f6r\u00f6g.<\/p>\n<p>Egy\u00e1ltal\u00e1n nincs arr\u00f3l sz\u00f3, hogy elt\u00e1volodjunk evil\u00e1gi k\u00f6telezetts\u00e9geinkt\u0151l, de J\u00e9zus dics\u0151s\u00e9ges elj\u00f6vetel\u00e9nek v\u00e1r\u00e1sa meger\u0151s\u00edti azt az ig\u00e9ny\u00fcnket, hogy a lehet\u0151 legjobbat hozzuk ki a jelen pillanatb\u00f3l. Hiszen a v\u00e9gs\u0151 c\u00e9l gondolata \u00f6szt\u00f6k\u00e9lli legink\u00e1bb b\u00e1tors\u00e1gunkat az \u00fat sor\u00e1n. Az \u00f6r\u00f6kk\u00e9val\u00f3s\u00e1sg gondolata fedi fel legjobban a \u00ab ma \u00bb jelent\u0151s\u00e9g\u00e9t sz\u00e1munkra.<\/p>\n<p>K\u00f6sz\u00f6netet mondok Fran\u00e7oise Breynaert \u2013nak, aki ezeknek a \u00ab Maranatonoknak \u00bb c\u00e9lj\u00e1b\u00f3l \u00f6ssze\u00e1ll\u00edtott nek\u00fcnk egy nagyon hat\u00e1rozott, gazdag tartalommal ell\u00e1tott menetrendet. Rengeteg forr\u00e1sb\u00f3l mer\u00edtett, a legr\u00e9gebbiekt\u0151l kezdve az eg\u00e9szen \u00fajakig, ahogy a leg\u00e1ltal\u00e1nosabbt\u00f3l eg\u00e9szen a mag\u00e1nkinyilatkoztat\u00e1sokig. Mindig nagyon j\u00f3 megfontol\u00e1ssal mer\u00edtett.<\/p>\n<p>K\u00e9rem az Urat \u00e9s Sz\u0171z M\u00e1ri\u00e1t, hogy\u00a0 legyen \u00e1ld\u00e1suk ezen a kiadv\u00e1nyon, \u00e9s tegy\u00e9k e rem\u00e9nys\u00e9g b\u00e1torat\u00e1s\u00e1v\u00e1, most \u00e9s mind\u00f6r\u00f6kk\u00e9 azt, amire a vil\u00e1gnak annyira sz\u00fcks\u00e9ge van.<\/p>\n<p style=\"text-align: right;\"><em>Mgr Andr\u00e9 L\u00c9ONARD, <\/em><\/p>\n<p style=\"text-align: right;\"><em>Malines-Bruxelles nyugalmazott \u00e9rseke, <\/em><\/p>\n<p style=\"text-align: right;\"><em>a Laus-i Miasszonyunk kegyhely k\u00e1pl\u00e1nja (Hautes-Alpes, Franciaorsz\u00e1g).<\/em><\/p>\n<\/div><\/div><\/div><\/div><\/div><div class=\"fusion-fullwidth fullwidth-box fusion-builder-row-10 fusion-flex-container nonhundred-percent-fullwidth non-hundred-percent-height-scrolling\" style=\"--awb-border-radius-top-left:0px;--awb-border-radius-top-right:0px;--awb-border-radius-bottom-right:0px;--awb-border-radius-bottom-left:0px;--awb-flex-wrap:wrap;\" ><div class=\"fusion-builder-row fusion-row fusion-flex-align-items-flex-start fusion-flex-content-wrap\" style=\"max-width:calc( 1260px + 0px );margin-left: calc(-0px \/ 2 );margin-right: calc(-0px \/ 2 );\"><div class=\"fusion-layout-column fusion_builder_column fusion-builder-column-19 fusion_builder_column_1_1 1_1 fusion-flex-column\" style=\"--awb-bg-size:cover;--awb-width-large:100%;--awb-margin-top-large:0px;--awb-spacing-right-large:0px;--awb-margin-bottom-large:20px;--awb-spacing-left-large:0px;--awb-width-medium:100%;--awb-spacing-right-medium:0px;--awb-spacing-left-medium:0px;--awb-width-small:100%;--awb-spacing-right-small:0px;--awb-spacing-left-small:0px;\"><div class=\"fusion-column-wrapper fusion-flex-justify-content-flex-start fusion-content-layout-column\"><div class=\"fusion-separator fusion-full-width-sep\" style=\"align-self: center;margin-left: auto;margin-right: auto;margin-bottom:70px;width:100%;\"><\/div><div class=\"fusion-title title fusion-title-7 fusion-sep-none fusion-title-center fusion-title-text fusion-title-size-two\"><h2 class=\"fusion-title-heading title-heading-center fusion-responsive-typography-calculated\" style=\"margin:0;--fontSize:24;--minFontSize:24;line-height:1.3;\">A Maranatonok<\/h2><\/div><\/div><\/div><\/div><\/div><div class=\"fusion-fullwidth fullwidth-box fusion-builder-row-11 fusion-flex-container nonhundred-percent-fullwidth non-hundred-percent-height-scrolling\" style=\"--awb-border-radius-top-left:0px;--awb-border-radius-top-right:0px;--awb-border-radius-bottom-right:0px;--awb-border-radius-bottom-left:0px;--awb-flex-wrap:wrap;\" ><div class=\"fusion-builder-row fusion-row fusion-flex-align-items-flex-start fusion-flex-content-wrap\" style=\"max-width:calc( 1260px + 0px );margin-left: calc(-0px \/ 2 );margin-right: calc(-0px \/ 2 );\"><div class=\"fusion-layout-column fusion_builder_column fusion-builder-column-20 fusion_builder_column_1_1 1_1 fusion-flex-column\" style=\"--awb-bg-size:cover;--awb-width-large:100%;--awb-margin-top-large:0px;--awb-spacing-right-large:0px;--awb-margin-bottom-large:20px;--awb-spacing-left-large:0px;--awb-width-medium:100%;--awb-spacing-right-medium:0px;--awb-spacing-left-medium:0px;--awb-width-small:100%;--awb-spacing-right-small:0px;--awb-spacing-left-small:0px;\"><div class=\"fusion-column-wrapper fusion-flex-justify-content-flex-start fusion-content-layout-column\"><div class=\"fusion-text fusion-text-12\"><p style=\"text-align: center;\">A vil\u00e1gban minden\u00fctt k\u00fcl\u00f6nf\u00e9le kult\u00far\u00e1j\u00fa f\u00e9rfiak, n\u0151k \u00e9s gyermekek sz\u00e1zadok \u00f3ta \u00f6sszej\u00f6nnek a f\u00f6ld legh\u00edresebb vagy ak\u00e1r m\u00e1r el is feledett lelkis\u00e9gi k\u00f6zpontjaiban.<\/p>\n<p style=\"text-align: center;\">Minden h\u00f3nap 4.-\u00e9n. 5.-\u00e9n \u00e9s 6.-\u00e1n egy\u00fctt im\u00e1dkoznak az emberi sz\u00edv \u00e9s a vil\u00e1g gy\u00f3gyul\u00e1s\u00e1\u00e9rt.<\/p>\n<\/div><\/div><\/div><\/div><\/div><div class=\"fusion-fullwidth fullwidth-box fusion-builder-row-12 fusion-flex-container nonhundred-percent-fullwidth non-hundred-percent-height-scrolling\" style=\"--awb-border-radius-top-left:0px;--awb-border-radius-top-right:0px;--awb-border-radius-bottom-right:0px;--awb-border-radius-bottom-left:0px;--awb-flex-wrap:wrap;\" ><div class=\"fusion-builder-row fusion-row fusion-flex-align-items-flex-start fusion-flex-content-wrap\" style=\"max-width:1310.4px;margin-left: calc(-4% \/ 2 );margin-right: calc(-4% \/ 2 );\"><div class=\"fusion-layout-column fusion_builder_column fusion-builder-column-21 fusion_builder_column_1_1 1_1 fusion-flex-column\" style=\"--awb-bg-size:cover;--awb-width-large:100%;--awb-margin-top-large:0px;--awb-spacing-right-large:1.92%;--awb-margin-bottom-large:0px;--awb-spacing-left-large:1.92%;--awb-width-medium:100%;--awb-spacing-right-medium:1.92%;--awb-spacing-left-medium:1.92%;--awb-width-small:100%;--awb-spacing-right-small:1.92%;--awb-spacing-left-small:1.92%;\"><div class=\"fusion-column-wrapper fusion-flex-justify-content-flex-start fusion-content-layout-column\"><div class=\"fusion-content-boxes content-boxes columns row fusion-columns-3 fusion-columns-total-3 fusion-content-boxes-1 content-boxes-icon-on-top content-left\" style=\"--awb-iconcolor:#dca960;--awb-hover-accent-color:#dca960;--awb-circle-hover-accent-color:transparent;\" data-animationOffset=\"top-into-view\"><div style=\"--awb-backgroundcolor:rgba(255,255,255,0);--awb-iconcolor:#dca960;\" class=\"fusion-column content-box-column content-box-column content-box-column-1 col-lg-4 col-md-4 col-sm-4 fusion-content-box-hover content-box-column-first-in-row\"><div class=\"col content-box-wrapper content-wrapper link-area-box link-type-text icon-hover-animation-fade\" data-link=\"notre-mission\/\" data-link-target=\"_self\" data-animationOffset=\"top-into-view\"><div class=\"heading heading-with-icon icon-left\"><a class=\"heading-link\" href=\"notre-mission\/\" target=\"_self\"><div class=\"icon\"><i style=\"border-color:rgba(255,255,255,0);border-width:0px;background-color:rgba(255,255,255,0);box-sizing:content-box;height:72px;width:72px;line-height:72px;border-radius:50%;font-size:36px;\" aria-hidden=\"true\" class=\"fontawesome-icon fa-child fas circle-yes\"><\/i><\/div><h2 class=\"content-box-heading fusion-responsive-typography-calculated\" style=\"--h2_typography-font-size:24px;--fontSize:24;line-height:1.3;\">K\u00fcldet\u00e9s\u00fcnk<\/h2><\/a><\/div><\/div><\/div><div style=\"--awb-backgroundcolor:rgba(255,255,255,0);--awb-iconcolor:#dca960;\" class=\"fusion-column content-box-column content-box-column content-box-column-2 col-lg-4 col-md-4 col-sm-4 fusion-content-box-hover \"><div class=\"col content-box-wrapper content-wrapper link-area-box link-type-text icon-hover-animation-fade\" data-link=\"les-maranathons\/\" data-link-target=\"_self\" data-animationOffset=\"top-into-view\"><div class=\"heading heading-with-icon icon-left\"><a class=\"heading-link\" href=\"les-maranathons\/\" target=\"_self\"><div class=\"icon\"><i style=\"border-color:rgba(255,255,255,0);border-width:0px;background-color:rgba(255,255,255,0);box-sizing:content-box;height:72px;width:72px;line-height:72px;border-radius:50%;font-size:36px;\" aria-hidden=\"true\" class=\"fontawesome-icon fa-globe-americas fas circle-yes\"><\/i><\/div><h2 class=\"content-box-heading fusion-responsive-typography-calculated\" style=\"--h2_typography-font-size:24px;--fontSize:24;line-height:1.3;\">A Maranatonok<\/h2><\/a><\/div><\/div><\/div><div style=\"--awb-backgroundcolor:rgba(255,255,255,0);--awb-iconcolor:#dca960;\" class=\"fusion-column content-box-column content-box-column content-box-column-3 col-lg-4 col-md-4 col-sm-4 fusion-content-box-hover content-box-column-last content-box-column-last-in-row\"><div class=\"col content-box-wrapper content-wrapper link-area-box link-type-text icon-hover-animation-fade\" data-link=\"nous-soutenir\/\" data-link-target=\"_self\" data-animationOffset=\"top-into-view\"><div class=\"heading heading-with-icon icon-left\"><a class=\"heading-link\" href=\"nous-soutenir\/\" target=\"_self\"><div class=\"icon\"><i style=\"border-color:rgba(255,255,255,0);border-width:0px;background-color:rgba(255,255,255,0);box-sizing:content-box;height:72px;width:72px;line-height:72px;border-radius:50%;font-size:36px;\" aria-hidden=\"true\" class=\"fontawesome-icon fa-envira fab circle-yes\"><\/i><\/div><h2 class=\"content-box-heading fusion-responsive-typography-calculated\" style=\"--h2_typography-font-size:24px;--fontSize:24;line-height:1.3;\">T\u00e1mogat\u00e1s<\/h2><\/a><\/div><\/div><\/div><div class=\"fusion-clearfix\"><\/div><\/div><\/div><\/div><\/div><\/div>\n<div class=\"fusion-fullwidth fullwidth-box fusion-builder-row-13 fusion-flex-container nonhundred-percent-fullwidth non-hundred-percent-height-scrolling\" style=\"--awb-border-radius-top-left:0px;--awb-border-radius-top-right:0px;--awb-border-radius-bottom-right:0px;--awb-border-radius-bottom-left:0px;--awb-flex-wrap:wrap;\" ><\/div>\n<\/p>\n","protected":false},"excerpt":{"rendered":"","protected":false},"author":2,"featured_media":0,"parent":0,"menu_order":0,"comment_status":"closed","ping_status":"closed","template":"100-width.php","meta":{"_price":"","_stock":"","_tribe_ticket_header":"","_tribe_default_ticket_provider":"","_tribe_ticket_capacity":"0","_ticket_start_date":"","_ticket_end_date":"","_tribe_ticket_show_description":"","_tribe_ticket_show_not_going":false,"_tribe_ticket_use_global_stock":"","_tribe_ticket_global_stock_level":"","_global_stock_mode":"","_global_stock_cap":"","_tribe_rsvp_for_event":"","_tribe_ticket_going_count":"","_tribe_ticket_not_going_count":"","_tribe_tickets_list":"[]","_tribe_ticket_has_attendee_info_fields":false,"footnotes":""},"class_list":["post-2677","page","type-page","status-publish","hentry"],"_links":{"self":[{"href":"https:\/\/maranatha-conversion.com\/hu\/wp-json\/wp\/v2\/pages\/2677","targetHints":{"allow":["GET"]}}],"collection":[{"href":"https:\/\/maranatha-conversion.com\/hu\/wp-json\/wp\/v2\/pages"}],"about":[{"href":"https:\/\/maranatha-conversion.com\/hu\/wp-json\/wp\/v2\/types\/page"}],"author":[{"embeddable":true,"href":"https:\/\/maranatha-conversion.com\/hu\/wp-json\/wp\/v2\/users\/2"}],"replies":[{"embeddable":true,"href":"https:\/\/maranatha-conversion.com\/hu\/wp-json\/wp\/v2\/comments?post=2677"}],"version-history":[{"count":4,"href":"https:\/\/maranatha-conversion.com\/hu\/wp-json\/wp\/v2\/pages\/2677\/revisions"}],"predecessor-version":[{"id":2982,"href":"https:\/\/maranatha-conversion.com\/hu\/wp-json\/wp\/v2\/pages\/2677\/revisions\/2982"}],"wp:attachment":[{"href":"https:\/\/maranatha-conversion.com\/hu\/wp-json\/wp\/v2\/media?parent=2677"}],"curies":[{"name":"wp","href":"https:\/\/api.w.org\/{rel}","templated":true}]}}