{"id":2953,"date":"2019-02-13T13:18:52","date_gmt":"2019-02-13T13:18:52","guid":{"rendered":"https:\/\/maranatha-conversion.com\/?page_id=2953"},"modified":"2019-02-13T13:18:54","modified_gmt":"2019-02-13T13:18:54","slug":"jogi-nyilatkozat","status":"publish","type":"page","link":"https:\/\/maranatha-conversion.com\/hu\/jogi-nyilatkozat\/","title":{"rendered":"Jogi Nyilatkozat"},"content":{"rendered":"<div class=\"fusion-fullwidth fullwidth-box fusion-builder-row-1 fusion-flex-container nonhundred-percent-fullwidth non-hundred-percent-height-scrolling\" style=\"--awb-border-radius-top-left:0px;--awb-border-radius-top-right:0px;--awb-border-radius-bottom-right:0px;--awb-border-radius-bottom-left:0px;--awb-flex-wrap:wrap;\" ><div class=\"fusion-builder-row fusion-row fusion-flex-align-items-flex-start fusion-flex-content-wrap\" style=\"max-width:calc( 1260px + 0px );margin-left: calc(-0px \/ 2 );margin-right: calc(-0px \/ 2 );\"><div class=\"fusion-layout-column fusion_builder_column fusion-builder-column-0 fusion_builder_column_1_1 1_1 fusion-flex-column\" style=\"--awb-bg-size:cover;--awb-width-large:100%;--awb-margin-top-large:0px;--awb-spacing-right-large:0px;--awb-margin-bottom-large:0px;--awb-spacing-left-large:0px;--awb-width-medium:100%;--awb-spacing-right-medium:0px;--awb-spacing-left-medium:0px;--awb-width-small:100%;--awb-spacing-right-small:0px;--awb-spacing-left-small:0px;\"><div class=\"fusion-column-wrapper fusion-flex-justify-content-flex-start fusion-content-layout-column\"><div class=\"fusion-text fusion-text-1\"><p><strong>Jogi Nyilatkozat &#8211;\u00a0<\/strong>\u00ab\u00a0Maranatha\u00a0\u00bb Medjugorje &#8211; Bosna i Hercegovina<\/p>\n<p><strong>Kiad\u00f3\u00a0<\/strong>:<\/p>\n<p>Udruga\u00a0: \u00ab\u00a0Maranatha\u00a0\u00bb Medjugorje, Citluk<\/p>\n<p>Ulica Kralja Tomislava 59, 88266 Bijakovici, Medjugorje, Citluk, Bosna i Hercegovina<\/p>\n<p>Porezna registracija\u00a0 i registracijski broj pod kojim se vodi u Registru poslovnih subjekata : 4227735260005<\/p>\n<p><strong>Fele\u0151s kiad\u00f3\u00a0<\/strong>:\u00a0Sabrina Covic Radojicic<\/p>\n<p><strong>Webmaster<\/strong>\u00a0:\u00a0David Kordic<\/p>\n<p><strong>Rendszergazda<\/strong>\u00a0:\u00a0Hostpapa<\/p>\n<p><strong>F\u00e9nyk\u00e9pek : <\/strong>\u00a9 Sabrina Covic\u00a0;\u00a0 Damir Ivankovic Djani<\/p>\n<p>Jelen oldal a \u00ab\u00a0Maranatha\u00a0\u00bb Medjugorje egyes\u00fclet tulajdona.<\/p>\n<p>1 \u2013 Az oldal haszn\u00e1lat\u00e1nak felt\u00e9telei<\/p>\n<p>A \u00ab Maranatha \u00bb Medjugorje egyes\u00fclet azzal a felt\u00e9tellel k\u00edn\u00e1lja szolg\u00e1ltat\u00e1sait, hogy az olvas\u00f3 k\u00f6tlezetts\u00e9get v\u00e1llal a jelen felhaszn\u00e1l\u00e1si felt\u00e9telek betart\u00e1s\u00e1ra, amelyeket a \u00ab Maranatha \u00bb Medjugorje egyes\u00fclet szabadon m\u00f3dos\u00edthat b\u00e1rmikor.<\/p>\n<p>2 \u2013 Szellemi tulajdon<\/p>\n<p>A szellemi tulajdonr\u00f3l sz\u00f3l\u00f3 t\u00f6rv\u00e9nyeknek megfelel\u0151en az ezen az Internetes oldalon tal\u00e1lhat\u00f3 elemek m\u00e1sol\u00e1sa vagy felhaszn\u00e1l\u00e1sa eg\u00e9szben vagy r\u00e9szben, szigor\u00faan tilos. Csak a t\u00f6rv\u00e9nyes lehet\u0151s\u00e9gek k\u00e9peznek kiv\u00e9telt, mint p\u00e9d\u00e1ul a csal\u00e1di k\u00f6rben val\u00f3 felhaszn\u00e1l\u00e1s vagy m\u00e1solat mag\u00e1n jelleg\u0171 c\u00e9llal, vagy egy r\u00f6vid id\u00e9zet felhaszn\u00e1l\u00e1sa.<\/p>\n<p>Ez\u00e9rt minden sz\u00f6veg, f\u00e9nyk\u00e9p, log\u00f3, jel vagy m\u00e1s err\u0151l az oldalr\u00f3l m\u00e1solt minden elem\u00a0 v\u00e9dett \u00e9s a szellemi tulajdon v\u00e9delme al\u00e1 esik. (szerz\u0151i jog, szomsz\u00e9dos jogok, v\u00e9djegy joga&#8230;).<\/p>\n<p>B\u00e1rmely teljes vagy r\u00e9szleges bemtat\u00e1sa ennek a honlapnak, b\u00e1rmilyen c\u00e9llal tilos az Internetes b\u00f6ng\u00e9sz\u00e9s sor\u00e1n, \u00e9s a Szellemi Tulajdonr\u00f3l sz\u00f3l\u00f3 t\u00f6rv\u00e9ny L 334-2 \u00e9s tov\u00e1bbi cikkelyeinek \u00e9rtelm\u00e9ben b\u00fcntetend\u0151.<\/p>\n<p>Ugyan\u00edgy azok az esetleges adatbankok, amelyek az Interneten tal\u00e1lhat\u00f3ak, az 1998. j\u00falius 11.-i t\u00f6rv\u00e9ny v\u00e9delme al\u00e1 esnek, ezekre az adatbankokra vonatkozik az 1996. m\u00e1rcius 11.-i eur\u00f3pai ir\u00e1nyelvjogi v\u00e9delmi rendelete a Szellemi Tulajdonr\u00f3l.<\/p>\n<p>3 \u2013 Szem\u00e9lyes adatok<\/p>\n<p>A \u00ab Maranatha \u00bb Medjugorje egyes\u00fclet garant\u00e1lja, hogy a honlap felhaszn\u00e1l\u00f3inak szem\u00e9lyes adatait bizalmasan kezeli, \u00e9s nem adja \u00e1t m\u00e1s t\u00e1rsasoknak vagy szervezeteknek. A \u00ab Maranatha \u00bb Medjugorje egyes\u00fclet k\u00f6telezetts\u00e9get v\u00e1llal, hogy minden olyan szem\u00e9ly r\u00e9sz\u00e9re, aki ezt k\u00e9ri, biztos\u00edtja a r\u00e1vonatkoz\u00f3 adatokhoz val\u00f3 hozz\u00e1f\u00e9r\u00e9si, helyesb\u00edt\u00e9si vagy t\u00f6rl\u00e9si jogot.<\/p>\n<p>Az adatv\u00e9delmi jog \u00e9inti\u00a0:<\/p>\n<p><strong>-hordozhat\u00f3s\u00e1g jog\u00e1t\u00a0<\/strong>: b\u00e1rmely term\u00e9szetes szem\u00e9ly megszerezheti az \u0151t \u00e9rint\u0151 \u00f6sszes adatot, \u00e9s a neki tetsz\u0151 m\u00f3don felhaszn\u00e1lhatja\u00a0;<\/p>\n<p><strong>-adatkezel\u00e9s korl\u00e1toz\u00e1s\u00e1nak jog\u00e1t\u00a0<\/strong>: b\u00e1rmely term\u00e9szetes szem\u00e9ly k\u00e9rheti adatainak kezel\u00e9s\u00e9nek korl\u00e1toz\u00e1s\u00e1t. Ezzel a joggal \u00e9lve a term\u00e9szetes szem\u00e9ly arra k\u00f6telezi a v\u00e1llalatot, hogy felhaszn\u00e1l\u00e1s n\u00e9lk\u00fcl t\u00e1rolja azokat. Ez a jog csak akkor \u00e9rv\u00e9nyes\u00fclhet, ha az adatkezel\u00e9s t\u00f6rv\u00e9nytelen \u00e9s \/ vagy a begy\u0171jt\u00f6tt adatok pontatlanok\u00a0;<\/p>\n<p><strong>-feled\u00e9shez val\u00f3 jogot\u00a0: <\/strong>b\u00e1rmely term\u00e9szetes szem\u00e9lynek lehet\u0151s\u00e9ge van az \u0151t \u00e9rint\u0151 \u00f6sszes adat t\u00f6rl\u00e9s\u00e9t k\u00e9rni\u00a0;<\/p>\n<p><strong>-inform\u00e1ci\u00f3hoz val\u00f3 jog\u00a0: <\/strong>b\u00e1rmely term\u00e9szetes szem\u00e9lynek joga van tudni arr\u00f3l, ha adatait begy\u0171jtik, m\u00e9g akkor is, ha ezeket egy harmadik szem\u00e9ly szolg\u00e1ltatta ki\u00a0;<\/p>\n<p><strong>-hozz\u00e1f\u00e9r\u00e9shez val\u00f3 jog\u00a0: <\/strong>b\u00e1rmely term\u00e9szetes szem\u00e9lynek joga van adatait illet\u0151en hozz\u00e1f\u00e9r\u00e9st k\u00e9rni (kezelt\u00e9k-e \u0151ket vagy sem\u00a0?) \u00e9s adatair\u00f3l m\u00e1solatot k\u00e9rni\u00a0;<\/p>\n<p>&#8211; <strong>helyesb\u00edt\u00e9shez val\u00f3 jog\u00a0: <\/strong>b\u00e1rmely term\u00e9szetes szem\u00e9ly k\u00e9rheti adatai helyesb\u00edt\u00e9s\u00e9t vagy p\u00f3tl\u00e1s\u00e1t\u00a0;<\/p>\n<p><strong>-tiltakoz\u00e1shoz val\u00f3 jog\u00a0: <\/strong>b\u00e1rmely term\u00e9szetes szem\u00e9ly b\u00e1rmikor visszautas\u00edthatja szem\u00e9lyes adatainak kezel\u00e9s\u00e9t\u00a0;vagy megtilthatja adatainak marketing c\u00e9lra t\u00f6rt\u00e9n\u0151 felhaszn\u00e1l\u00e1s\u00e1t\u00a0;<\/p>\n<p>&#8211; <strong>szem\u00e9lyes adatok\u00a0 megs\u00e9rt\u00e9s\u00e9r\u0151l val\u00f3 t\u00e1j\u00e9koztat\u00e1s joga\u00a0: <\/strong>ez arra k\u00f6telezi a adatok kezel\u00e9s\u00e9nek felel\u0151s\u00e9t, hogy t\u00e1j\u00e9koztassa a term\u00e9szetes szem\u00e9lyt, akinek adatai nyilv\u00e1noss\u00e1gra ker\u00fcltek.<\/p>\n<p>4 \u2013 Felel\u0151ss\u00e9g<\/p>\n<p>A \u00ab Maranatha \u00bb Medjugorje egyes\u00fclet semmilyen felel\u0151ss\u00e9get nem v\u00e1llal a honlap el\u00e9r\u00e9s\u00e9vel kapcsolatos probl\u00e9m\u00e1k\u00e9rt vagy kommunik\u00e1ci\u00f3s hib\u00e1k\u00e9rt.<\/p>\n<p>A \u00ab Maranatha \u00bb Medjugorje egyes\u00fclet fenntartja mag\u00e1nak azt a lehet\u0151s\u00e9get, hogy r\u00e9szben vagy eg\u00e9szben m\u00f3dos\u00edtsa a honlapot ak\u00e1r id\u0151szakosan, ak\u00e1r v\u00e9glegesen, el\u0151zetes bejelent\u00e9s n\u00e9lk\u00fcl.<\/p>\n<p>A \u00ab Maranatha \u00bb Medjugorje egyes\u00fcletet sem \u00f6nnel, sem pedig egy harmadik szem\u00e9llyel szemben nem lehet felel\u0151ss\u00e9gre\u00a0 vonni a honlap b\u00e1rmely m\u00f3dos\u00edt\u00e1sa, megszak\u00edt\u00e1sa vagy felf\u00fcggeszt\u00e9se miatt.<\/p>\n<p>5 \u2013 Hiperhivatkoz\u00e1sok<\/p>\n<p>Amennyiben a kiad\u00f3t nem s\u00e9rti, szabadon l\u00e9tes\u00edthet hiperhivatkoz\u00e1sokat erre az oldalra. A k\u00f6vetkez\u0151 form\u00e1tumokat hazsn\u00e1lhatja\u00a0: html, php, xml.<\/p>\n<p>A web-oldal form\u00e1z\u00e1sa (framing) vagy b\u00e1rmely m\u00e1s technika, amely az olvas\u00f3kban zavart kelthet, tilos.<\/p>\n<p>Tilos ezenk\u00edv\u00fcl a m\u00e9lylink pdf, Doc vagy rtf form\u00e1tukban. Ez a dokumentumt\u00edpus tulajdonk\u00e9ppen nem teszi lehet\u0151v\u00e9 a jelen felhaszn\u00e1l\u00e1si felt\u00e9telek tudom\u00e1sul v\u00e9tel\u00e9t.<\/p>\n<p>6 \u2013 Technikai vonatkoz\u00e1sok \u00e9s felel\u0151s\u00e9ghat\u00e1rok<\/p>\n<p>A Web-oldalt \u00fagy hoztuk l\u00e9tre, hogy Internetes kapcsolaton kereszt\u00fcl legyen l\u00e1togathat\u00f3 sz\u00e1m\u00edt\u00f3g\u00e9pr\u0151l vagy mobilk\u00e9sz\u00fcl\u00e9kekr\u0151l (informarmatikai termin\u00e1lok), amely \u00faj t\u00edpus\u00fa Internet b\u00f6ng\u00e9sz\u0151vel rendelkeznek.<\/p>\n<p>A \u00ab Maranatha \u00bb Medjugorje egyes\u00fclet mindent megtesz, hogy probl\u00e9mamentes legyen a Web-oldalon a navig\u00e1ci\u00f3, de semmi k\u00f6tlezetts\u00e9g nincs a Web-oldal technikai el\u00e9r\u00e9s\u00e9t illet\u0151en. Nem garant\u00e1lhat\u00f3, hogy a Web-oldal szervere v\u00edrus mentes legyen, vagy m\u00e1s, az Interneten megtal\u00e1lhat\u00f3\u00a0 (malware) f\u00e1jlok \u00e1ldozata legyen.<\/p>\n<p>Web-oldalunkr\u00f3l minden let\u00f6lt\u00e9s vesz\u00e9lyeket rejthet a Felhaszn\u00e1l\u00f3 sz\u00e1m\u00e1ra, akinek rendelkeznie kell a saj\u00e1t informatikai termin\u00e1lj\u00e1n v\u00edrusv\u00e9delemmel, amely az Internetes b\u00f6ng\u00e9sz\u00e9s sor\u00e1n v\u00e9delmet ny\u00fajt sz\u00e1m\u00e1ra (a f\u00e1jlok \u00e9s adatok sz\u00e1m\u00e1ra.) A Felhaszn\u00e1l\u00f3 nem tarthatja felel\u0151snek a \u00ab Maranatha \u00bb Medjugorje egyes\u00fcletet a Web-oldal haszn\u00e1lata k\u00f6zben k\u00f6zvetve vagy k\u00f6zvetlen\u00fcl \u0151t \u00e9rt k\u00e1rok miatt.<\/p>\n<h3 class=\"wp-block-heading\"><strong>Cookie figyelmeztet\u0151 sz\u00f6ve<\/strong><\/h3>\n<p>Az\u00e9rt haszn\u00e1lunk cookie-kat (s\u00fctiket), hogy a lehet\u0151 legnagyobb felhaszn\u00e1l\u00f3i \u00e9lm\u00e9nyt biztos\u00edtsuk az \u00d6n sz\u00e1m\u00e1ra. Amennyiben a be\u00e1ll\u00edt\u00e1sok m\u00f3dos\u00edt\u00e1sa n\u00e9lk\u00fcl l\u00e9p tov\u00e1bb, \u00fagy tekintj\u00fck, hogy beleegyez\u00e9s\u00e9t adja a weboldalunkr\u00f3l sz\u00e1rmaz\u00f3 cookie-k fogad\u00e1s\u00e1ba. Az\u00e9rt haszn\u00e1lunk cookie-kat (s\u00fctiket), hogy a lehet\u0151 legnagyobb felhaszn\u00e1l\u00f3i \u00e9lm\u00e9nyt biztos\u00edtsuk az \u00d6n sz\u00e1m\u00e1ra. Amennyiben a be\u00e1ll\u00edt\u00e1sok m\u00f3dos\u00edt\u00e1sa n\u00e9lk\u00fcl l\u00e9p tov\u00e1bb, \u00fagy tekintj\u00fck, hogy beleegyez\u00e9s\u00e9t adja a weboldalunkr\u00f3l sz\u00e1rmaz\u00f3 cookie-k fogad\u00e1s\u00e1ba. A k\u00f6vetkez\u0151 l\u00e9p\u00e9sek ut\u00e1n olvashatja, sz\u0171rheti, vagy utas\u00edthatja vissza \u0151ket :<\/p>\n<p><strong>Internet Explorer-el:<\/strong> Men\u00fc \u201eEszk\u00f6z\u00f6k&gt;Internetes Opci\u00f3k\u201d Kattintson az \u201eInform\u00e1ci\u00f3k bizalmas kezel\u00e9s\u00e9re\u201d \u00e9s v\u00e1lassza a \u201eMinden cookie blokkol\u00e1st\u201d. Fogadja el az OK gombbal.<\/p>\n<p><strong>Firefox b\u00f6ng\u00e9sz\u0151vel:<\/strong> Men\u00fc \u201eEszk\u00f6z\u00f6k&gt;Internetes Opci\u00f3k\u201d Kattintson a \u201eMag\u00e1n\u00e9letre\u201d\u00a0 majd kapcsolja ki a s\u00fctiket a \u201eCookie\u201d rovatban!<\/p>\n<p><strong>Chrome-mal:<\/strong> Men\u00fc \u201eEszk\u00f6z\u00f6k\u201d. Kattintson a \u201eNavig\u00e1ci\u00f3s adatok t\u00f6rl\u00e9s\u00e9re\u201d \u00e9s v\u00e1lassza a \u201eCookiek \u00e9s a webhely egy\u00e9b adatainak, plug-in t\u00f6rl\u00e9seit\u201d. Fogadja el a \u201eNavig\u00e1ci\u00f3s adatok t\u00f6rl\u00e9se\u201d gombbal!<\/p>\n<p>Tartalmas l\u00e1togat\u00e1st k\u00edv\u00e1nunk!<\/p>\n<\/div><\/div><\/div><\/div><\/div>","protected":false},"excerpt":{"rendered":"","protected":false},"author":2,"featured_media":0,"parent":0,"menu_order":0,"comment_status":"closed","ping_status":"closed","template":"","meta":{"_price":"","_stock":"","_tribe_ticket_header":"","_tribe_default_ticket_provider":"","_tribe_ticket_capacity":"0","_ticket_start_date":"","_ticket_end_date":"","_tribe_ticket_show_description":"","_tribe_ticket_show_not_going":false,"_tribe_ticket_use_global_stock":"","_tribe_ticket_global_stock_level":"","_global_stock_mode":"","_global_stock_cap":"","_tribe_rsvp_for_event":"","_tribe_ticket_going_count":"","_tribe_ticket_not_going_count":"","_tribe_tickets_list":"[]","_tribe_ticket_has_attendee_info_fields":false,"footnotes":""},"class_list":["post-2953","page","type-page","status-publish","hentry"],"_links":{"self":[{"href":"https:\/\/maranatha-conversion.com\/hu\/wp-json\/wp\/v2\/pages\/2953","targetHints":{"allow":["GET"]}}],"collection":[{"href":"https:\/\/maranatha-conversion.com\/hu\/wp-json\/wp\/v2\/pages"}],"about":[{"href":"https:\/\/maranatha-conversion.com\/hu\/wp-json\/wp\/v2\/types\/page"}],"author":[{"embeddable":true,"href":"https:\/\/maranatha-conversion.com\/hu\/wp-json\/wp\/v2\/users\/2"}],"replies":[{"embeddable":true,"href":"https:\/\/maranatha-conversion.com\/hu\/wp-json\/wp\/v2\/comments?post=2953"}],"version-history":[{"count":1,"href":"https:\/\/maranatha-conversion.com\/hu\/wp-json\/wp\/v2\/pages\/2953\/revisions"}],"predecessor-version":[{"id":2954,"href":"https:\/\/maranatha-conversion.com\/hu\/wp-json\/wp\/v2\/pages\/2953\/revisions\/2954"}],"wp:attachment":[{"href":"https:\/\/maranatha-conversion.com\/hu\/wp-json\/wp\/v2\/media?parent=2953"}],"curies":[{"name":"wp","href":"https:\/\/api.w.org\/{rel}","templated":true}]}}